{"version":"1.0","provider_name":"\u0645\u062c\u0644\u0629 \u0627\u0644\u0645\u062f\u064a\u0646\u0629","provider_url":"https:\/\/citymagazine.si\/ar","author_name":"Tina Orter","author_url":"https:\/\/citymagazine.si\/ar\/author\/tinaorter\/","title":"Najbolj modne \u0161minke za jesen 2025: mat eleganca ali sijaj z zna\u010dajem? Odkrijte razko\u0161je barv, ki bodo prevladale to sezono","type":"rich","width":600,"height":338,"html":"<blockquote class=\"wp-embedded-content\" data-secret=\"qXN5D6MgfC\"><a href=\"https:\/\/citymagazine.si\/ar\/\u0623\u062d\u062f\u062b-\u0625\u0637\u0644\u0627\u0644\u0627\u062a-\u0627\u0644\u0645\u0643\u064a\u0627\u062c-\u0644\u062e\u0631\u064a\u0641-2025-\u0623\u0646\u0627\u0642\u0629-\u0645\u0637\u0641\/\">\u0623\u062d\u0645\u0631 \u0627\u0644\u0634\u0641\u0627\u0647 \u0627\u0644\u0623\u0643\u062b\u0631 \u0623\u0646\u0627\u0642\u0629 \u0644\u062e\u0631\u064a\u0641 2025: \u0623\u0646\u0627\u0642\u0629 \u0645\u0637\u0641\u064a\u0629 \u0623\u0645 \u0628\u0631\u064a\u0642 \u0645\u0645\u064a\u0632\u061f \u0627\u0643\u062a\u0634\u0641\u064a \u0641\u062e\u0627\u0645\u0629 \u0627\u0644\u0623\u0644\u0648\u0627\u0646 \u0627\u0644\u062a\u064a \u0633\u062a\u0647\u064a\u0645\u0646 \u0639\u0644\u0649 \u0647\u0630\u0627 \u0627\u0644\u0645\u0648\u0633\u0645.<\/a><\/blockquote><iframe sandbox=\"allow-scripts\" security=\"restricted\" src=\"https:\/\/citymagazine.si\/ar\/\u0623\u062d\u062f\u062b-\u0625\u0637\u0644\u0627\u0644\u0627\u062a-\u0627\u0644\u0645\u0643\u064a\u0627\u062c-\u0644\u062e\u0631\u064a\u0641-2025-\u0623\u0646\u0627\u0642\u0629-\u0645\u0637\u0641\/embed\/#?secret=qXN5D6MgfC\" width=\"600\" height=\"338\" title=\"&#8220;Najbolj modne \u0161minke za jesen 2025: mat eleganca ali sijaj z zna\u010dajem? Odkrijte razko\u0161je barv, ki bodo prevladale to sezono&#8221; &#8212; City Magazine\" data-secret=\"qXN5D6MgfC\" frameborder=\"0\" marginwidth=\"0\" marginheight=\"0\" scrolling=\"no\" class=\"wp-embedded-content\"><\/iframe><script type=\"text\/javascript\">\n\/* <![CDATA[ *\/\n\/*! This file is auto-generated *\/\n!function(d,l){\"use strict\";l.querySelector&&d.addEventListener&&\"undefined\"!=typeof URL&&(d.wp=d.wp||{},d.wp.receiveEmbedMessage||(d.wp.receiveEmbedMessage=function(e){var t=e.data;if((t||t.secret||t.message||t.value)&&!\/[^a-zA-Z0-9]\/.test(t.secret)){for(var s,r,n,a=l.querySelectorAll('iframe[data-secret=\"'+t.secret+'\"]'),o=l.querySelectorAll('blockquote[data-secret=\"'+t.secret+'\"]'),c=new RegExp(\"^https?:$\",\"i\"),i=0;i<o.length;i++)o[i].style.display=\"none\";for(i=0;i<a.length;i++)s=a[i],e.source===s.contentWindow&&(s.removeAttribute(\"style\"),\"height\"===t.message?(1e3<(r=parseInt(t.value,10))?r=1e3:~~r<200&&(r=200),s.height=r):\"link\"===t.message&&(r=new URL(s.getAttribute(\"src\")),n=new URL(t.value),c.test(n.protocol))&&n.host===r.host&&l.activeElement===s&&(d.top.location.href=t.value))}},d.addEventListener(\"message\",d.wp.receiveEmbedMessage,!1),l.addEventListener(\"DOMContentLoaded\",function(){for(var e,t,s=l.querySelectorAll(\"iframe.wp-embedded-content\"),r=0;r<s.length;r++)(t=(e=s[r]).getAttribute(\"data-secret\"))||(t=Math.random().toString(36).substring(2,12),e.src+=\"#?secret=\"+t,e.setAttribute(\"data-secret\",t)),e.contentWindow.postMessage({message:\"ready\",secret:t},\"*\")},!1)))}(window,document);\n\/* ]]> *\/\n<\/script>","thumbnail_url":"https:\/\/citymagazine.si\/wp-content\/uploads\/2025\/08\/hero-lipsticks-autumn-2025-1-jpg.webp","thumbnail_width":1080,"thumbnail_height":1080,"description":"Jeseni 2025 li\u010dila ne bodo zgolj pika na i, ampak glavno modno oro\u017eje. \u010ce so poletni dnevi narekovali lahkotnost in naraven videz, bodo \u0161minke za jesen 2025 odra\u017eale drznost, eleganco in malce dramati\u010dnega pridiha. Gre za sezono, kjer ustnice postanejo platno za razko\u0161ne barve \u2013 od globokih vinsko rde\u010dih do toplih \u010dokoladnih tonov in celo presenetljivih nude odtenkov, ki bodo poudarili naravno lepoto. Modne hi\u0161e in viza\u017eisti \u017ee napovedujejo, da bo prav izbira prave \u0161minke tista, ki bo va\u0161 videz ponesla iz vsakdanjega v nepozabno eleganco."}