{"version":"1.0","provider_name":"\u0645\u062c\u0644\u0629 \u0627\u0644\u0645\u062f\u064a\u0646\u0629","provider_url":"https:\/\/citymagazine.si\/ar","author_name":"Tina Lagler","author_url":"https:\/\/citymagazine.si\/ar\/author\/tina\/","title":"Ritem mladosti 2015 v Ljubljani \u2013 razburljiv za\u010detek \u0161olskega leta z mlade","type":"rich","width":600,"height":338,"html":"<blockquote class=\"wp-embedded-content\" data-secret=\"Gs1GmSAQ6q\"><a href=\"https:\/\/citymagazine.si\/ar\/\u0625\u064a\u0642\u0627\u0639-\u0627\u0644\u0634\u0628\u0627\u0628-2015-\u0641\u064a-\u0644\u064a\u0648\u0628\u0644\u064a\u0627\u0646\u0627\u060c-\u0628\u062f\u0627\u064a\u0629-\u0645\u062b\u064a\/\">\u0625\u064a\u0642\u0627\u0639 \u0627\u0644\u0634\u0628\u0627\u0628 2015 \u0641\u064a \u0644\u064a\u0648\u0628\u0644\u064a\u0627\u0646\u0627 \u2013 \u0628\u062f\u0627\u064a\u0629 \u0645\u062b\u064a\u0631\u0629 \u0644\u0644\u0639\u0627\u0645 \u0627\u0644\u062f\u0631\u0627\u0633\u064a \u0645\u0639 \u0627\u0644\u0634\u0628\u0627\u0628<\/a><\/blockquote><iframe sandbox=\"allow-scripts\" security=\"restricted\" src=\"https:\/\/citymagazine.si\/ar\/\u0625\u064a\u0642\u0627\u0639-\u0627\u0644\u0634\u0628\u0627\u0628-2015-\u0641\u064a-\u0644\u064a\u0648\u0628\u0644\u064a\u0627\u0646\u0627\u060c-\u0628\u062f\u0627\u064a\u0629-\u0645\u062b\u064a\/embed\/#?secret=Gs1GmSAQ6q\" width=\"600\" height=\"338\" title=\"&#8220;Ritem mladosti 2015 v Ljubljani \u2013 razburljiv za\u010detek \u0161olskega leta z mlade&#8221; &#8212; City Magazine\" data-secret=\"Gs1GmSAQ6q\" frameborder=\"0\" marginwidth=\"0\" marginheight=\"0\" scrolling=\"no\" class=\"wp-embedded-content\"><\/iframe><script type=\"text\/javascript\">\n\/* <![CDATA[ *\/\n\/*! This file is auto-generated *\/\n!function(d,l){\"use strict\";l.querySelector&&d.addEventListener&&\"undefined\"!=typeof URL&&(d.wp=d.wp||{},d.wp.receiveEmbedMessage||(d.wp.receiveEmbedMessage=function(e){var t=e.data;if((t||t.secret||t.message||t.value)&&!\/[^a-zA-Z0-9]\/.test(t.secret)){for(var s,r,n,a=l.querySelectorAll('iframe[data-secret=\"'+t.secret+'\"]'),o=l.querySelectorAll('blockquote[data-secret=\"'+t.secret+'\"]'),c=new RegExp(\"^https?:$\",\"i\"),i=0;i<o.length;i++)o[i].style.display=\"none\";for(i=0;i<a.length;i++)s=a[i],e.source===s.contentWindow&&(s.removeAttribute(\"style\"),\"height\"===t.message?(1e3<(r=parseInt(t.value,10))?r=1e3:~~r<200&&(r=200),s.height=r):\"link\"===t.message&&(r=new URL(s.getAttribute(\"src\")),n=new URL(t.value),c.test(n.protocol))&&n.host===r.host&&l.activeElement===s&&(d.top.location.href=t.value))}},d.addEventListener(\"message\",d.wp.receiveEmbedMessage,!1),l.addEventListener(\"DOMContentLoaded\",function(){for(var e,t,s=l.querySelectorAll(\"iframe.wp-embedded-content\"),r=0;r<s.length;r++)(t=(e=s[r]).getAttribute(\"data-secret\"))||(t=Math.random().toString(36).substring(2,12),e.src+=\"#?secret=\"+t,e.setAttribute(\"data-secret\",t)),e.contentWindow.postMessage({message:\"ready\",secret:t},\"*\")},!1)))}(window,document);\n\/* ]]> *\/\n<\/script>","thumbnail_url":"https:\/\/i0.wp.com\/citymagazine.si\/wp-content\/uploads\/2015\/08\/john_martin_fb1.jpg?fit=1959%2C1179&ssl=1","thumbnail_width":1959,"thumbnail_height":1179,"description":"Kmalu potem ko bodo \u0161olski urniki \u017ee dopolnjeni, toda \u0161e preden bo mlade\u017e lahko dodobra zagrizla v \u0161oske klopi, se obeta en in edini, letos \u017ee 9. po vrsti, Ritem mladosti 2015. Razburljiv za\u010detek \u0161olskega leta bomo tako mladi ovekove\u010dili 5. septembra in se ob pompozni glasbi, ki ji bo med skrbno izbranimi izvajalci vladal John Martin, podali novim \u0161olskim izzivom naproti."}