{"version":"1.0","provider_name":"\u0645\u062c\u0644\u0629 \u0627\u0644\u0645\u062f\u064a\u0646\u0629","provider_url":"https:\/\/citymagazine.si\/ar","author_name":"Tina Orter","author_url":"https:\/\/citymagazine.si\/ar\/author\/tinaorter\/","title":"Barva leta 2026 je razgla\u0161ena \u2013 pripravi se, da bo preplavila tvoj dom in garderobo","type":"rich","width":600,"height":338,"html":"<blockquote class=\"wp-embedded-content\" data-secret=\"SC2LvGjq1p\"><a href=\"https:\/\/citymagazine.si\/ar\/\u062a\u0645-\u0627\u0644\u0625\u0639\u0644\u0627\u0646-\u0639\u0646-\u0644\u0648\u0646-\u0627\u0644\u0639\u0627\u0645-2026\u060c-\u0627\u0633\u062a\u0639\u062f\u0648\u0627-\u0644\u0625\u063a\u0631\/\">\u062a\u0645 \u0627\u0644\u0625\u0639\u0644\u0627\u0646 \u0639\u0646 \u0644\u0648\u0646 \u0627\u0644\u0639\u0627\u0645 2026 - \u0627\u0633\u062a\u0639\u062f \u0644\u0625\u063a\u0631\u0627\u0642 \u0645\u0646\u0632\u0644\u0643 \u0648\u062e\u0632\u0627\u0646\u0629 \u0645\u0644\u0627\u0628\u0633\u0643<\/a><\/blockquote><iframe sandbox=\"allow-scripts\" security=\"restricted\" src=\"https:\/\/citymagazine.si\/ar\/\u062a\u0645-\u0627\u0644\u0625\u0639\u0644\u0627\u0646-\u0639\u0646-\u0644\u0648\u0646-\u0627\u0644\u0639\u0627\u0645-2026\u060c-\u0627\u0633\u062a\u0639\u062f\u0648\u0627-\u0644\u0625\u063a\u0631\/embed\/#?secret=SC2LvGjq1p\" width=\"600\" height=\"338\" title=\"&#8220;Barva leta 2026 je razgla\u0161ena \u2013 pripravi se, da bo preplavila tvoj dom in garderobo&#8221; &#8212; City Magazine\" data-secret=\"SC2LvGjq1p\" frameborder=\"0\" marginwidth=\"0\" marginheight=\"0\" scrolling=\"no\" class=\"wp-embedded-content\"><\/iframe><script type=\"text\/javascript\">\n\/* <![CDATA[ *\/\n\/*! This file is auto-generated *\/\n!function(d,l){\"use strict\";l.querySelector&&d.addEventListener&&\"undefined\"!=typeof URL&&(d.wp=d.wp||{},d.wp.receiveEmbedMessage||(d.wp.receiveEmbedMessage=function(e){var t=e.data;if((t||t.secret||t.message||t.value)&&!\/[^a-zA-Z0-9]\/.test(t.secret)){for(var s,r,n,a=l.querySelectorAll('iframe[data-secret=\"'+t.secret+'\"]'),o=l.querySelectorAll('blockquote[data-secret=\"'+t.secret+'\"]'),c=new RegExp(\"^https?:$\",\"i\"),i=0;i<o.length;i++)o[i].style.display=\"none\";for(i=0;i<a.length;i++)s=a[i],e.source===s.contentWindow&&(s.removeAttribute(\"style\"),\"height\"===t.message?(1e3<(r=parseInt(t.value,10))?r=1e3:~~r<200&&(r=200),s.height=r):\"link\"===t.message&&(r=new URL(s.getAttribute(\"src\")),n=new URL(t.value),c.test(n.protocol))&&n.host===r.host&&l.activeElement===s&&(d.top.location.href=t.value))}},d.addEventListener(\"message\",d.wp.receiveEmbedMessage,!1),l.addEventListener(\"DOMContentLoaded\",function(){for(var e,t,s=l.querySelectorAll(\"iframe.wp-embedded-content\"),r=0;r<s.length;r++)(t=(e=s[r]).getAttribute(\"data-secret\"))||(t=Math.random().toString(36).substring(2,12),e.src+=\"#?secret=\"+t,e.setAttribute(\"data-secret\",t)),e.contentWindow.postMessage({message:\"ready\",secret:t},\"*\")},!1)))}(window,document);\n\/* ]]> *\/\n<\/script>","thumbnail_url":"https:\/\/citymagazine.si\/wp-content\/uploads\/2025\/08\/hero-colour-year-2026-jpg.webp","thumbnail_width":1920,"thumbnail_height":1080,"description":"V svetu trendov in mode se vsako leto zgodi trenutek, ko ena sama barva prevzame naslovnico, modne piste in nazadnje tudi na\u0161e domove. To ni zgolj odtenek, temve\u010d celotno razpolo\u017eenje, ki zaznamuje prihajajo\u010de leto. Strokovnjaki \u017ee mesece \u0161epetajo, da bo leto 2026 obarvano v ton, ki hkrati pomirja in izziva, deluje naravno, a tudi izjemno moderno. Katera bo barva leta 2026?"}