{"version":"1.0","provider_name":"\u0645\u062c\u0644\u0629 \u0627\u0644\u0645\u062f\u064a\u0646\u0629","provider_url":"https:\/\/citymagazine.si\/ar","author_name":"Jan Macarol","author_url":"https:\/\/citymagazine.si\/ar\/author\/jan\/","title":"Kia EV3: bo to elektri\u010dni SUV pod 30.000 evrov?","type":"rich","width":600,"height":338,"html":"<blockquote class=\"wp-embedded-content\" data-secret=\"VktINqIPZP\"><a href=\"https:\/\/citymagazine.si\/ar\/\u0633\u062a\u0643\u0648\u0646-\u0643\u064a\u0627-ev3-\u0633\u064a\u0627\u0631\u0629-\u062f\u0641\u0639-\u0631\u0628\u0627\u0639\u064a-\u0643\u0647\u0631\u0628\u0627\u0626\u064a\u0629-\u0628\u0633\/\">\u0643\u064a\u0627 EV3: \u0647\u0644 \u0633\u062a\u0643\u0648\u0646 \u0633\u064a\u0627\u0631\u0629 \u062f\u0641\u0639 \u0631\u0628\u0627\u0639\u064a \u0643\u0647\u0631\u0628\u0627\u0626\u064a\u0629 \u0623\u0642\u0644 \u0645\u0646 30 \u0623\u0644\u0641 \u064a\u0648\u0631\u0648\u061f<\/a><\/blockquote><iframe sandbox=\"allow-scripts\" security=\"restricted\" src=\"https:\/\/citymagazine.si\/ar\/\u0633\u062a\u0643\u0648\u0646-\u0643\u064a\u0627-ev3-\u0633\u064a\u0627\u0631\u0629-\u062f\u0641\u0639-\u0631\u0628\u0627\u0639\u064a-\u0643\u0647\u0631\u0628\u0627\u0626\u064a\u0629-\u0628\u0633\/embed\/#?secret=VktINqIPZP\" width=\"600\" height=\"338\" title=\"&#8220;Kia EV3: bo to elektri\u010dni SUV pod 30.000 evrov?&#8221; &#8212; City Magazine\" data-secret=\"VktINqIPZP\" frameborder=\"0\" marginwidth=\"0\" marginheight=\"0\" scrolling=\"no\" class=\"wp-embedded-content\"><\/iframe><script type=\"text\/javascript\">\n\/* <![CDATA[ *\/\n\/*! This file is auto-generated *\/\n!function(d,l){\"use strict\";l.querySelector&&d.addEventListener&&\"undefined\"!=typeof URL&&(d.wp=d.wp||{},d.wp.receiveEmbedMessage||(d.wp.receiveEmbedMessage=function(e){var t=e.data;if((t||t.secret||t.message||t.value)&&!\/[^a-zA-Z0-9]\/.test(t.secret)){for(var s,r,n,a=l.querySelectorAll('iframe[data-secret=\"'+t.secret+'\"]'),o=l.querySelectorAll('blockquote[data-secret=\"'+t.secret+'\"]'),c=new RegExp(\"^https?:$\",\"i\"),i=0;i<o.length;i++)o[i].style.display=\"none\";for(i=0;i<a.length;i++)s=a[i],e.source===s.contentWindow&&(s.removeAttribute(\"style\"),\"height\"===t.message?(1e3<(r=parseInt(t.value,10))?r=1e3:~~r<200&&(r=200),s.height=r):\"link\"===t.message&&(r=new URL(s.getAttribute(\"src\")),n=new URL(t.value),c.test(n.protocol))&&n.host===r.host&&l.activeElement===s&&(d.top.location.href=t.value))}},d.addEventListener(\"message\",d.wp.receiveEmbedMessage,!1),l.addEventListener(\"DOMContentLoaded\",function(){for(var e,t,s=l.querySelectorAll(\"iframe.wp-embedded-content\"),r=0;r<s.length;r++)(t=(e=s[r]).getAttribute(\"data-secret\"))||(t=Math.random().toString(36).substring(2,12),e.src+=\"#?secret=\"+t,e.setAttribute(\"data-secret\",t)),e.contentWindow.postMessage({message:\"ready\",secret:t},\"*\")},!1)))}(window,document);\n\/* ]]> *\/\n<\/script>","thumbnail_url":"https:\/\/citymagazine.si\/wp-content\/uploads\/2024\/05\/kia-ev3-5.webp","thumbnail_width":2000,"thumbnail_height":1333,"description":"KIA je potrdila, da bo njihov novi elektri\u010dni SUV, EV3, kmalu na voljo v Evropi. \u010ceprav to\u010den datum prihoda in cena \u0161e nista razkrita, se govori, da bo EV3 na voljo \u017ee leta 2025 za pribli\u017eno 30.000 EUR. Kaj to pomeni za trg elektri\u010dnih vozil? Preverimo."}