{"version":"1.0","provider_name":"\u0645\u062c\u0644\u0629 \u0627\u0644\u0645\u062f\u064a\u0646\u0629","provider_url":"https:\/\/citymagazine.si\/ar","author_name":"Jan Macarol","author_url":"https:\/\/citymagazine.si\/ar\/author\/jan\/","title":"Kolumna: COTY - Car of the Year 2026 \u2013 ko se zdrava pamet \u017eirantov pelje na zadnjem sede\u017eu","type":"rich","width":600,"height":338,"html":"<blockquote class=\"wp-embedded-content\" data-secret=\"lHLk2FsoBc\"><a href=\"https:\/\/citymagazine.si\/ar\/\u0633\u064a\u0627\u0631\u0629-\u0643\u0648\u062a\u064a-\u0644\u0644\u0639\u0627\u0645-2026-\u0639\u0645\u0648\u062f-\u0639\u0646\u062f\u0645\u0627-\u064a\u0631\u0643\u0628-\u0627\u0644\u062d\u0633\/\">\u0639\u0645\u0648\u062f: \u0633\u064a\u0627\u0631\u0629 \u0627\u0644\u0639\u0627\u0645 2026 - \u0639\u0646\u062f\u0645\u0627 \u064a\u062a\u0631\u0627\u062c\u0639 \u0627\u0644\u0645\u0646\u0637\u0642 \u0627\u0644\u0633\u0644\u064a\u0645 \u0644\u0644\u062d\u0643\u0627\u0645<\/a><\/blockquote><iframe sandbox=\"allow-scripts\" security=\"restricted\" src=\"https:\/\/citymagazine.si\/ar\/\u0633\u064a\u0627\u0631\u0629-\u0643\u0648\u062a\u064a-\u0644\u0644\u0639\u0627\u0645-2026-\u0639\u0645\u0648\u062f-\u0639\u0646\u062f\u0645\u0627-\u064a\u0631\u0643\u0628-\u0627\u0644\u062d\u0633\/embed\/#?secret=lHLk2FsoBc\" width=\"600\" height=\"338\" title=\"&#8220;Kolumna: COTY &#8211; Car of the Year 2026 \u2013 ko se zdrava pamet \u017eirantov pelje na zadnjem sede\u017eu&#8221; &#8212; City Magazine\" data-secret=\"lHLk2FsoBc\" frameborder=\"0\" marginwidth=\"0\" marginheight=\"0\" scrolling=\"no\" class=\"wp-embedded-content\"><\/iframe><script type=\"text\/javascript\">\n\/* <![CDATA[ *\/\n\/*! This file is auto-generated *\/\n!function(d,l){\"use strict\";l.querySelector&&d.addEventListener&&\"undefined\"!=typeof URL&&(d.wp=d.wp||{},d.wp.receiveEmbedMessage||(d.wp.receiveEmbedMessage=function(e){var t=e.data;if((t||t.secret||t.message||t.value)&&!\/[^a-zA-Z0-9]\/.test(t.secret)){for(var s,r,n,a=l.querySelectorAll('iframe[data-secret=\"'+t.secret+'\"]'),o=l.querySelectorAll('blockquote[data-secret=\"'+t.secret+'\"]'),c=new RegExp(\"^https?:$\",\"i\"),i=0;i<o.length;i++)o[i].style.display=\"none\";for(i=0;i<a.length;i++)s=a[i],e.source===s.contentWindow&&(s.removeAttribute(\"style\"),\"height\"===t.message?(1e3<(r=parseInt(t.value,10))?r=1e3:~~r<200&&(r=200),s.height=r):\"link\"===t.message&&(r=new URL(s.getAttribute(\"src\")),n=new URL(t.value),c.test(n.protocol))&&n.host===r.host&&l.activeElement===s&&(d.top.location.href=t.value))}},d.addEventListener(\"message\",d.wp.receiveEmbedMessage,!1),l.addEventListener(\"DOMContentLoaded\",function(){for(var e,t,s=l.querySelectorAll(\"iframe.wp-embedded-content\"),r=0;r<s.length;r++)(t=(e=s[r]).getAttribute(\"data-secret\"))||(t=Math.random().toString(36).substring(2,12),e.src+=\"#?secret=\"+t,e.setAttribute(\"data-secret\",t)),e.contentWindow.postMessage({message:\"ready\",secret:t},\"*\")},!1)))}(window,document);\n\/* ]]> *\/\n<\/script>","thumbnail_url":"https:\/\/citymagazine.si\/wp-content\/uploads\/2025\/11\/hero-coty-2026-0--jpg.webp","thumbnail_width":2000,"thumbnail_height":1333,"description":"Vsako leto komaj \u010dakam tisti trenutek, ko razglasijo finaliste za COTY \u2013 Car of the Year 2026. To je najbolj\u0161i pribli\u017eek avtomobilski Evroviziji \u2013 poln napetosti, napihnjenih egov ter ble\u0161\u010de\u010dih PowerPointov, tabel in seznamov. A leto\u0161nji izbor finalistov? Ta me je resni\u010dno sezul. Zato sem sklenil, da moram zapisati nekaj grobih vrstic. Po Macarolovo. Brez dlake na jeziku in brez ro\u017enatih o\u010dal. Ker pa\u010d lahko imam svoje lastno mnenje."}