{"version":"1.0","provider_name":"\u0645\u062c\u0644\u0629 \u0627\u0644\u0645\u062f\u064a\u0646\u0629","provider_url":"https:\/\/citymagazine.si\/ar","author_name":"An\u017ee Pompe","author_url":"https:\/\/citymagazine.si\/ar\/author\/anzepompe\/","title":"\u017divi mrtveci \u2013 je Facebook tudi tebe razglasil za mrtvega?","type":"rich","width":600,"height":338,"html":"<blockquote class=\"wp-embedded-content\" data-secret=\"ELB7jxJVFl\"><a href=\"https:\/\/citymagazine.si\/ar\/\u0639\u0627\u0634-\u0645\u064a\u062a\u0627\u064b\u060c-\u0644\u0642\u062f-\u0623\u0639\u0644\u0646-\u0627\u0644\u0641\u064a\u0633\u0628\u0648\u0643-\u0623\u0646\u0643-\u0645\u064a\u062a-\u0623\u064a\/\">\u0627\u0644\u0623\u062d\u064a\u0627\u0621 \u0627\u0644\u0645\u064a\u062a\u0629 - \u0647\u0644 \u0623\u0639\u0644\u0646\u0643 Facebook \u0623\u064a\u0636\u064b\u0627\u061f<\/a><\/blockquote><iframe sandbox=\"allow-scripts\" security=\"restricted\" src=\"https:\/\/citymagazine.si\/ar\/\u0639\u0627\u0634-\u0645\u064a\u062a\u0627\u064b\u060c-\u0644\u0642\u062f-\u0623\u0639\u0644\u0646-\u0627\u0644\u0641\u064a\u0633\u0628\u0648\u0643-\u0623\u0646\u0643-\u0645\u064a\u062a-\u0623\u064a\/embed\/#?secret=ELB7jxJVFl\" width=\"600\" height=\"338\" title=\"&#8220;\u017divi mrtveci \u2013 je Facebook tudi tebe razglasil za mrtvega?&#8221; &#8212; City Magazine\" data-secret=\"ELB7jxJVFl\" frameborder=\"0\" marginwidth=\"0\" marginheight=\"0\" scrolling=\"no\" class=\"wp-embedded-content\"><\/iframe><script type=\"text\/javascript\">\n\/* <![CDATA[ *\/\n\/*! This file is auto-generated *\/\n!function(d,l){\"use strict\";l.querySelector&&d.addEventListener&&\"undefined\"!=typeof URL&&(d.wp=d.wp||{},d.wp.receiveEmbedMessage||(d.wp.receiveEmbedMessage=function(e){var t=e.data;if((t||t.secret||t.message||t.value)&&!\/[^a-zA-Z0-9]\/.test(t.secret)){for(var s,r,n,a=l.querySelectorAll('iframe[data-secret=\"'+t.secret+'\"]'),o=l.querySelectorAll('blockquote[data-secret=\"'+t.secret+'\"]'),c=new RegExp(\"^https?:$\",\"i\"),i=0;i<o.length;i++)o[i].style.display=\"none\";for(i=0;i<a.length;i++)s=a[i],e.source===s.contentWindow&&(s.removeAttribute(\"style\"),\"height\"===t.message?(1e3<(r=parseInt(t.value,10))?r=1e3:~~r<200&&(r=200),s.height=r):\"link\"===t.message&&(r=new URL(s.getAttribute(\"src\")),n=new URL(t.value),c.test(n.protocol))&&n.host===r.host&&l.activeElement===s&&(d.top.location.href=t.value))}},d.addEventListener(\"message\",d.wp.receiveEmbedMessage,!1),l.addEventListener(\"DOMContentLoaded\",function(){for(var e,t,s=l.querySelectorAll(\"iframe.wp-embedded-content\"),r=0;r<s.length;r++)(t=(e=s[r]).getAttribute(\"data-secret\"))||(t=Math.random().toString(36).substring(2,12),e.src+=\"#?secret=\"+t,e.setAttribute(\"data-secret\",t)),e.contentWindow.postMessage({message:\"ready\",secret:t},\"*\")},!1)))}(window,document);\n\/* ]]> *\/\n<\/script>","thumbnail_url":"https:\/\/i0.wp.com\/citymagazine.si\/wp-content\/uploads\/2016\/11\/zuckd.jpg?fit=1000%2C600&ssl=1","thumbnail_width":1000,"thumbnail_height":600,"description":"Facebook misli, da ste umrli! \u010ce ste se zadnje dni uporabljali Facebook, je velika verjetnost, da vas je na vrhu strani pri\u010dakala \u017ealna pasica, s katero je Facebook napro\u0161al bli\u017enje in prijatelje, da se vas spominjajo in slavijo va\u0161e \u017eivljenje. \u0160tevilni uporabniki Facebooka namre\u010d poro\u010dajo, da jih je Facebook razglasil za mrtve! Je tudi tebe? Zakaj je Facebook te dni poln ''\u017eivih mrtvecev'', med katerimi se je zna\u0161el tudi Mark Zuckerberg?"}