{"version":"1.0","provider_name":"City Magazine","provider_url":"https:\/\/citymagazine.si\/en","author_name":"Miha Pe\u010doler","author_url":"https:\/\/citymagazine.si\/en\/author\/mihap\/","title":"Slovenska premiera - VW polo, osve\u017een in izbolj\u0161an","type":"rich","width":600,"height":338,"html":"<blockquote class=\"wp-embedded-content\" data-secret=\"xQFstmaWPq\"><a href=\"https:\/\/citymagazine.si\/en\/slovenian-premiere-vw-polo-refreshed-and-improved\/\">Slovenian premiere \u2013 VW polo, refreshed and improved<\/a><\/blockquote><iframe sandbox=\"allow-scripts\" security=\"restricted\" src=\"https:\/\/citymagazine.si\/en\/slovenian-premiere-vw-polo-refreshed-and-improved\/embed\/#?secret=xQFstmaWPq\" width=\"600\" height=\"338\" title=\"&#8220;Slovenska premiera &#8211; VW polo, osve\u017een in izbolj\u0161an&#8221; &#8212; City Magazine\" data-secret=\"xQFstmaWPq\" frameborder=\"0\" marginwidth=\"0\" marginheight=\"0\" scrolling=\"no\" class=\"wp-embedded-content\"><\/iframe><script type=\"text\/javascript\">\n\/* <![CDATA[ *\/\n\/*! This file is auto-generated *\/\n!function(d,l){\"use strict\";l.querySelector&&d.addEventListener&&\"undefined\"!=typeof URL&&(d.wp=d.wp||{},d.wp.receiveEmbedMessage||(d.wp.receiveEmbedMessage=function(e){var t=e.data;if((t||t.secret||t.message||t.value)&&!\/[^a-zA-Z0-9]\/.test(t.secret)){for(var s,r,n,a=l.querySelectorAll('iframe[data-secret=\"'+t.secret+'\"]'),o=l.querySelectorAll('blockquote[data-secret=\"'+t.secret+'\"]'),c=new RegExp(\"^https?:$\",\"i\"),i=0;i<o.length;i++)o[i].style.display=\"none\";for(i=0;i<a.length;i++)s=a[i],e.source===s.contentWindow&&(s.removeAttribute(\"style\"),\"height\"===t.message?(1e3<(r=parseInt(t.value,10))?r=1e3:~~r<200&&(r=200),s.height=r):\"link\"===t.message&&(r=new URL(s.getAttribute(\"src\")),n=new URL(t.value),c.test(n.protocol))&&n.host===r.host&&l.activeElement===s&&(d.top.location.href=t.value))}},d.addEventListener(\"message\",d.wp.receiveEmbedMessage,!1),l.addEventListener(\"DOMContentLoaded\",function(){for(var e,t,s=l.querySelectorAll(\"iframe.wp-embedded-content\"),r=0;r<s.length;r++)(t=(e=s[r]).getAttribute(\"data-secret\"))||(t=Math.random().toString(36).substring(2,12),e.src+=\"#?secret=\"+t,e.setAttribute(\"data-secret\",t)),e.contentWindow.postMessage({message:\"ready\",secret:t},\"*\")},!1)))}(window,document);\n\/* ]]> *\/\n<\/script>","thumbnail_url":"https:\/\/citymagazine.si\/wp-content\/uploads\/2014\/05\/IMG_8941-1000x500.jpg","thumbnail_width":1000,"thumbnail_height":500,"description":"Slovenci imamo poleg clia zelo radi tudi VW predstavnika B-segmenta, o \u010demur pri\u010dajo tudi tr\u017eni rezultati zadnjih let, \u010de ne kar desetletij. Oblikovne spremembe so pri\u010dakovano diskretne, ve\u010d sprememb je o\u010dem skritim. Predvsem pri napredni tehniki, kjer kot prvi segmentu dobiva LED lu\u010di, radarski tempomat in sistem prilagodljivega podvozja"}