{"version":"1.0","provider_name":"\u30b7\u30c6\u30a3\u30de\u30ac\u30b8\u30f3","provider_url":"https:\/\/citymagazine.si\/ja","author_name":"Lucija Marko","author_url":"https:\/\/citymagazine.si\/ja\/author\/lucijamarko\/","title":"Neverjetni bo\u017ei\u010dni sejmi v Evropi, ki jih \u0161e gotovo nisi obiskal","type":"rich","width":600,"height":338,"html":"<blockquote class=\"wp-embedded-content\" data-secret=\"8umEXl2coe\"><a href=\"https:\/\/citymagazine.si\/ja\/\u3042\u306a\u305f\u304c\u307e\u3060\u8a2a\u308c\u305f\u3053\u3068\u306e\u306a\u3044\u3001\u30e8\u30fc\u30ed\u30c3\u30d1\u306e\u7d20\/\">\u307e\u3060\u8a2a\u308c\u305f\u3053\u3068\u306e\u306a\u3044\u30e8\u30fc\u30ed\u30c3\u30d1\u306e\u7d20\u6674\u3089\u3057\u3044\u30af\u30ea\u30b9\u30de\u30b9 \u30de\u30fc\u30b1\u30c3\u30c8<\/a><\/blockquote><iframe sandbox=\"allow-scripts\" security=\"restricted\" src=\"https:\/\/citymagazine.si\/ja\/\u3042\u306a\u305f\u304c\u307e\u3060\u8a2a\u308c\u305f\u3053\u3068\u306e\u306a\u3044\u3001\u30e8\u30fc\u30ed\u30c3\u30d1\u306e\u7d20\/embed\/#?secret=8umEXl2coe\" width=\"600\" height=\"338\" title=\"&#8220;Neverjetni bo\u017ei\u010dni sejmi v Evropi, ki jih \u0161e gotovo nisi obiskal&#8221; &#8212; City Magazine\" data-secret=\"8umEXl2coe\" frameborder=\"0\" marginwidth=\"0\" marginheight=\"0\" scrolling=\"no\" class=\"wp-embedded-content\"><\/iframe><script type=\"text\/javascript\">\n\/* <![CDATA[ *\/\n\/*! This file is auto-generated *\/\n!function(d,l){\"use strict\";l.querySelector&&d.addEventListener&&\"undefined\"!=typeof URL&&(d.wp=d.wp||{},d.wp.receiveEmbedMessage||(d.wp.receiveEmbedMessage=function(e){var t=e.data;if((t||t.secret||t.message||t.value)&&!\/[^a-zA-Z0-9]\/.test(t.secret)){for(var s,r,n,a=l.querySelectorAll('iframe[data-secret=\"'+t.secret+'\"]'),o=l.querySelectorAll('blockquote[data-secret=\"'+t.secret+'\"]'),c=new RegExp(\"^https?:$\",\"i\"),i=0;i<o.length;i++)o[i].style.display=\"none\";for(i=0;i<a.length;i++)s=a[i],e.source===s.contentWindow&&(s.removeAttribute(\"style\"),\"height\"===t.message?(1e3<(r=parseInt(t.value,10))?r=1e3:~~r<200&&(r=200),s.height=r):\"link\"===t.message&&(r=new URL(s.getAttribute(\"src\")),n=new URL(t.value),c.test(n.protocol))&&n.host===r.host&&l.activeElement===s&&(d.top.location.href=t.value))}},d.addEventListener(\"message\",d.wp.receiveEmbedMessage,!1),l.addEventListener(\"DOMContentLoaded\",function(){for(var e,t,s=l.querySelectorAll(\"iframe.wp-embedded-content\"),r=0;r<s.length;r++)(t=(e=s[r]).getAttribute(\"data-secret\"))||(t=Math.random().toString(36).substring(2,12),e.src+=\"#?secret=\"+t,e.setAttribute(\"data-secret\",t)),e.contentWindow.postMessage({message:\"ready\",secret:t},\"*\")},!1)))}(window,document);\n\/* ]]> *\/\n<\/script>","thumbnail_url":"https:\/\/i0.wp.com\/citymagazine.si\/wp-content\/uploads\/2019\/11\/shutterstock_504269197.jpg?fit=1000%2C667&ssl=1","thumbnail_width":1000,"thumbnail_height":667,"description":"Dunaj, Zagreb, Salzburg, Gradec ... vse to so \u010dudoviti bo\u017ei\u010dni sejmi, ki pa smo jih po vsej verjetnosti \u017ee obiskali. Zakaj se ne bi letos odpravili kam drugam, na kak\u0161no \u010darobno destinacijo, ki nas bo presenetila s svojim bo\u017ei\u010dnim duhom in prekrasno okrasitvijo? Tukaj so najlep\u0161i bo\u017ei\u010dni sejmi 2019!"}