{"version":"1.0","provider_name":"\u30b7\u30c6\u30a3\u30de\u30ac\u30b8\u30f3","provider_url":"https:\/\/citymagazine.si\/ja","author_name":"Jan Macarol","author_url":"https:\/\/citymagazine.si\/ja\/author\/jan\/","title":"Kon\u010dno! To je novi BMW iX3 Neue Klasse: elektri\u010dni \u0161ok, ki vam ukrade srce - in je za BMW prihodnost","type":"rich","width":600,"height":338,"html":"<blockquote class=\"wp-embedded-content\" data-secret=\"6g5NWd7ZLo\"><a href=\"https:\/\/citymagazine.si\/ja\/\u3064\u3044\u306b\u3001\u3042\u306a\u305f\u306e\u5fc3\u3092\u596a\u3044\u3001bmw\u306e\u672a\u6765\u3092\u62c5\u3046\u3001\u65b0\/\">\u3064\u3044\u306b\u767b\u5834\uff01\u3053\u308c\u304c\u65b0\u578bBMW iX3 Neue Klasse\u3002\u5fc3\u3092\u596a\u308f\u308c\u308b\u96fb\u6483\u7684\u306a\u4e00\u53f0\u3002BMW\u306e\u672a\u6765\u3092\u4f53\u73fe\u3059\u308b\u30e2\u30c7\u30eb\u3067\u3059\u3002<\/a><\/blockquote><iframe sandbox=\"allow-scripts\" security=\"restricted\" src=\"https:\/\/citymagazine.si\/ja\/\u3064\u3044\u306b\u3001\u3042\u306a\u305f\u306e\u5fc3\u3092\u596a\u3044\u3001bmw\u306e\u672a\u6765\u3092\u62c5\u3046\u3001\u65b0\/embed\/#?secret=6g5NWd7ZLo\" width=\"600\" height=\"338\" title=\"&#8220;Kon\u010dno! To je novi BMW iX3 Neue Klasse: elektri\u010dni \u0161ok, ki vam ukrade srce &#8211; in je za BMW prihodnost&#8221; &#8212; City Magazine\" data-secret=\"6g5NWd7ZLo\" frameborder=\"0\" marginwidth=\"0\" marginheight=\"0\" scrolling=\"no\" class=\"wp-embedded-content\"><\/iframe><script type=\"text\/javascript\">\n\/* <![CDATA[ *\/\n\/*! This file is auto-generated *\/\n!function(d,l){\"use strict\";l.querySelector&&d.addEventListener&&\"undefined\"!=typeof URL&&(d.wp=d.wp||{},d.wp.receiveEmbedMessage||(d.wp.receiveEmbedMessage=function(e){var t=e.data;if((t||t.secret||t.message||t.value)&&!\/[^a-zA-Z0-9]\/.test(t.secret)){for(var s,r,n,a=l.querySelectorAll('iframe[data-secret=\"'+t.secret+'\"]'),o=l.querySelectorAll('blockquote[data-secret=\"'+t.secret+'\"]'),c=new RegExp(\"^https?:$\",\"i\"),i=0;i<o.length;i++)o[i].style.display=\"none\";for(i=0;i<a.length;i++)s=a[i],e.source===s.contentWindow&&(s.removeAttribute(\"style\"),\"height\"===t.message?(1e3<(r=parseInt(t.value,10))?r=1e3:~~r<200&&(r=200),s.height=r):\"link\"===t.message&&(r=new URL(s.getAttribute(\"src\")),n=new URL(t.value),c.test(n.protocol))&&n.host===r.host&&l.activeElement===s&&(d.top.location.href=t.value))}},d.addEventListener(\"message\",d.wp.receiveEmbedMessage,!1),l.addEventListener(\"DOMContentLoaded\",function(){for(var e,t,s=l.querySelectorAll(\"iframe.wp-embedded-content\"),r=0;r<s.length;r++)(t=(e=s[r]).getAttribute(\"data-secret\"))||(t=Math.random().toString(36).substring(2,12),e.src+=\"#?secret=\"+t,e.setAttribute(\"data-secret\",t)),e.contentWindow.postMessage({message:\"ready\",secret:t},\"*\")},!1)))}(window,document);\n\/* ]]> *\/\n<\/script>","thumbnail_url":"https:\/\/citymagazine.si\/wp-content\/uploads\/2025\/09\/BMW-iX3-Neue-Klasse-2025-0-jpg.webp","thumbnail_width":2560,"thumbnail_height":1440,"description":"Ko pomislimo na elektri\u010dne avtomobile, si pogosto predstavljamo tihe, brezosebne \u0161katle, ki so bolj pripomo\u010dek kot strast. Potem pa pride BMW iX3 Neue Klasse \u2013 prva serijska zvezda, ki razbija stereotipe in cesto spreminja v oder. Z dosegom, ki vas popelje \u010dez pol Evrope, in pospe\u0161kom, ki vam ukrade dih, ta SAV ni le avto. Je revolucija. Pripenjajte se, gremo na vo\u017enjo!"}