{"version":"1.0","provider_name":"\u30b7\u30c6\u30a3\u30de\u30ac\u30b8\u30f3","provider_url":"https:\/\/citymagazine.si\/ja","author_name":"Jan Macarol","author_url":"https:\/\/citymagazine.si\/ja\/author\/jan\/","title":"Audi Q7 2024: prenova kralja presti\u017ea v SUV segmentu","type":"rich","width":600,"height":338,"html":"<blockquote class=\"wp-embedded-content\" data-secret=\"2ER8bcTIHx\"><a href=\"https:\/\/citymagazine.si\/ja\/\u30a2\u30a6\u30c7\u30a3q7-2024\u5e74\u3001suv\u30bb\u30b0\u30e1\u30f3\u30c8\u306b\u304a\u3051\u308b\u30d7\u30ec\u30b9\u30c6\u30fc\u30b8\/\">Audi Q7 2024\uff1aSUV\u30bb\u30b0\u30e1\u30f3\u30c8\u306e\u30ad\u30f3\u30b0\u30fb\u30aa\u30d6\u30fb\u30d7\u30ec\u30b9\u30c6\u30fc\u30b8\u3092\u5237\u65b0<\/a><\/blockquote><iframe sandbox=\"allow-scripts\" security=\"restricted\" src=\"https:\/\/citymagazine.si\/ja\/\u30a2\u30a6\u30c7\u30a3q7-2024\u5e74\u3001suv\u30bb\u30b0\u30e1\u30f3\u30c8\u306b\u304a\u3051\u308b\u30d7\u30ec\u30b9\u30c6\u30fc\u30b8\/embed\/#?secret=2ER8bcTIHx\" width=\"600\" height=\"338\" title=\"&#8220;Audi Q7 2024: prenova kralja presti\u017ea v SUV segmentu&#8221; &#8212; City Magazine\" data-secret=\"2ER8bcTIHx\" frameborder=\"0\" marginwidth=\"0\" marginheight=\"0\" scrolling=\"no\" class=\"wp-embedded-content\"><\/iframe><script type=\"text\/javascript\">\n\/* <![CDATA[ *\/\n\/*! This file is auto-generated *\/\n!function(d,l){\"use strict\";l.querySelector&&d.addEventListener&&\"undefined\"!=typeof URL&&(d.wp=d.wp||{},d.wp.receiveEmbedMessage||(d.wp.receiveEmbedMessage=function(e){var t=e.data;if((t||t.secret||t.message||t.value)&&!\/[^a-zA-Z0-9]\/.test(t.secret)){for(var s,r,n,a=l.querySelectorAll('iframe[data-secret=\"'+t.secret+'\"]'),o=l.querySelectorAll('blockquote[data-secret=\"'+t.secret+'\"]'),c=new RegExp(\"^https?:$\",\"i\"),i=0;i<o.length;i++)o[i].style.display=\"none\";for(i=0;i<a.length;i++)s=a[i],e.source===s.contentWindow&&(s.removeAttribute(\"style\"),\"height\"===t.message?(1e3<(r=parseInt(t.value,10))?r=1e3:~~r<200&&(r=200),s.height=r):\"link\"===t.message&&(r=new URL(s.getAttribute(\"src\")),n=new URL(t.value),c.test(n.protocol))&&n.host===r.host&&l.activeElement===s&&(d.top.location.href=t.value))}},d.addEventListener(\"message\",d.wp.receiveEmbedMessage,!1),l.addEventListener(\"DOMContentLoaded\",function(){for(var e,t,s=l.querySelectorAll(\"iframe.wp-embedded-content\"),r=0;r<s.length;r++)(t=(e=s[r]).getAttribute(\"data-secret\"))||(t=Math.random().toString(36).substring(2,12),e.src+=\"#?secret=\"+t,e.setAttribute(\"data-secret\",t)),e.contentWindow.postMessage({message:\"ready\",secret:t},\"*\")},!1)))}(window,document);\n\/* ]]> *\/\n<\/script>","thumbnail_url":"https:\/\/citymagazine.si\/wp-content\/uploads\/2024\/01\/Audi-Q7-2024-005.jpg","thumbnail_width":1920,"thumbnail_height":1080,"description":"Po dolgih mesecih pri\u010dakovanj je kon\u010dno tukaj \u2013 prenovljeni Audi Q7 2024 za leto 2024, ki prina\u0161a osve\u017een videz in najnovej\u0161o tehnologijo. \u010ceprav gre za prenovo in ne popolnoma nov model, Audi Q7 upravi\u010duje naziv \"kralja segmenta\" in dokazuje, da Audi zna narediti prave korake, ki \u010deprav so majhni prinesejo veliko."}