{"version":"1.0","provider_name":"\u30b7\u30c6\u30a3\u30de\u30ac\u30b8\u30f3","provider_url":"https:\/\/citymagazine.si\/ja","author_name":"Jan Macarol","author_url":"https:\/\/citymagazine.si\/ja\/author\/jan\/","title":"TAG Heuer x Porsche: Dvojna obletnica, dve legendi - Porsche in TAG Heuer praznujeta z edinstvenim avtomobilom","type":"rich","width":600,"height":338,"html":"<blockquote class=\"wp-embedded-content\" data-secret=\"bjsZrFnTEC\"><a href=\"https:\/\/citymagazine.si\/ja\/\u30bf\u30b0\u30fb\u30db\u30a4\u30e4\u30fc-x-\u30dd\u30eb\u30b7\u30a7-\u30c0\u30d6\u30eb\u30a2\u30cb\u30d0\u30fc\u30b5\u30ea\u30fc-2-2\/\">\u30bf\u30b0\u30fb\u30db\u30a4\u30e4\u30fc x \u30dd\u30eb\u30b7\u30a7: \u30c0\u30d6\u30eb\u30a2\u30cb\u30d0\u30fc\u30b5\u30ea\u30fc\u30012 \u3064\u306e\u4f1d\u8aac \u2013 \u30dd\u30eb\u30b7\u30a7\u3068\u30bf\u30b0\u30fb\u30db\u30a4\u30e4\u30fc\u304c\u30e6\u30cb\u30fc\u30af\u306a\u8eca\u3067\u795d\u3046<\/a><\/blockquote><iframe sandbox=\"allow-scripts\" security=\"restricted\" src=\"https:\/\/citymagazine.si\/ja\/\u30bf\u30b0\u30fb\u30db\u30a4\u30e4\u30fc-x-\u30dd\u30eb\u30b7\u30a7-\u30c0\u30d6\u30eb\u30a2\u30cb\u30d0\u30fc\u30b5\u30ea\u30fc-2-2\/embed\/#?secret=bjsZrFnTEC\" width=\"600\" height=\"338\" title=\"&#8220;TAG Heuer x Porsche: Dvojna obletnica, dve legendi &#8211; Porsche in TAG Heuer praznujeta z edinstvenim avtomobilom&#8221; &#8212; City Magazine\" data-secret=\"bjsZrFnTEC\" frameborder=\"0\" marginwidth=\"0\" marginheight=\"0\" scrolling=\"no\" class=\"wp-embedded-content\"><\/iframe><script type=\"text\/javascript\">\n\/* <![CDATA[ *\/\n\/*! This file is auto-generated *\/\n!function(d,l){\"use strict\";l.querySelector&&d.addEventListener&&\"undefined\"!=typeof URL&&(d.wp=d.wp||{},d.wp.receiveEmbedMessage||(d.wp.receiveEmbedMessage=function(e){var t=e.data;if((t||t.secret||t.message||t.value)&&!\/[^a-zA-Z0-9]\/.test(t.secret)){for(var s,r,n,a=l.querySelectorAll('iframe[data-secret=\"'+t.secret+'\"]'),o=l.querySelectorAll('blockquote[data-secret=\"'+t.secret+'\"]'),c=new RegExp(\"^https?:$\",\"i\"),i=0;i<o.length;i++)o[i].style.display=\"none\";for(i=0;i<a.length;i++)s=a[i],e.source===s.contentWindow&&(s.removeAttribute(\"style\"),\"height\"===t.message?(1e3<(r=parseInt(t.value,10))?r=1e3:~~r<200&&(r=200),s.height=r):\"link\"===t.message&&(r=new URL(s.getAttribute(\"src\")),n=new URL(t.value),c.test(n.protocol))&&n.host===r.host&&l.activeElement===s&&(d.top.location.href=t.value))}},d.addEventListener(\"message\",d.wp.receiveEmbedMessage,!1),l.addEventListener(\"DOMContentLoaded\",function(){for(var e,t,s=l.querySelectorAll(\"iframe.wp-embedded-content\"),r=0;r<s.length;r++)(t=(e=s[r]).getAttribute(\"data-secret\"))||(t=Math.random().toString(36).substring(2,12),e.src+=\"#?secret=\"+t,e.setAttribute(\"data-secret\",t)),e.contentWindow.postMessage({message:\"ready\",secret:t},\"*\")},!1)))}(window,document);\n\/* ]]> *\/\n<\/script>","thumbnail_url":"https:\/\/citymagazine.si\/wp-content\/uploads\/2023\/10\/NEW_20230926_M02_v3_TH.jpg","thumbnail_width":1920,"thumbnail_height":1080,"description":"Ko se dve ikoni sre\u010data na kri\u017ei\u0161\u010du zgodovine in inovacij, nastane magija - TAG Heuer x Porsche. Predstavljajte si, da se vozite po odprtih cestah Mehike, veter vam piha skozi lase, medtem ko poslu\u0161ate zvok motorja Porsche 718 Cayman GT4 RS. TAG Heuer ura pa meri va\u0161 etapni \u010das. Ne, to ni sanje. To je realnost, ki jo je ustvarila kombinacija Porscheja in TAG Heuerja. In \u010de mislite, da je to le \u0161e en avtomobil, se pripravite na presene\u010denje!"}