{"version":"1.0","provider_name":"\u30b7\u30c6\u30a3\u30de\u30ac\u30b8\u30f3","provider_url":"https:\/\/citymagazine.si\/ja","author_name":"Bo\u017eana Vukovi\u0107","author_url":"https:\/\/citymagazine.si\/ja\/author\/bozanav\/","title":"Triglav The Rock Ljubljana 2019: Triglav sredi Kongresnega trga","type":"rich","width":600,"height":338,"html":"<blockquote class=\"wp-embedded-content\" data-secret=\"hYrg7TkkRI\"><a href=\"https:\/\/citymagazine.si\/ja\/\u30c8\u30ea\u30b0\u30e9\u30a6\u30fb\u30b6\u30fb\u30ed\u30c3\u30af\u30fb\u30ea\u30e5\u30d6\u30ea\u30e3\u30ca2019-\u30c8\u30ea\u30b0\/\">\u30c8\u30ea\u30b0\u30e9\u30d5 \u30b6 \u30ed\u30c3\u30af \u30ea\u30e5\u30d6\u30ea\u30e3\u30ca 2019: \u30b3\u30f3\u30b0\u30ec\u30b9\u5e83\u5834\u306e\u771f\u3093\u4e2d\u306b\u3042\u308b\u30c8\u30ea\u30b0\u30e9\u30d5<\/a><\/blockquote><iframe sandbox=\"allow-scripts\" security=\"restricted\" src=\"https:\/\/citymagazine.si\/ja\/\u30c8\u30ea\u30b0\u30e9\u30a6\u30fb\u30b6\u30fb\u30ed\u30c3\u30af\u30fb\u30ea\u30e5\u30d6\u30ea\u30e3\u30ca2019-\u30c8\u30ea\u30b0\/embed\/#?secret=hYrg7TkkRI\" width=\"600\" height=\"338\" title=\"&#8220;Triglav The Rock Ljubljana 2019: Triglav sredi Kongresnega trga&#8221; &#8212; City Magazine\" data-secret=\"hYrg7TkkRI\" frameborder=\"0\" marginwidth=\"0\" marginheight=\"0\" scrolling=\"no\" class=\"wp-embedded-content\"><\/iframe><script type=\"text\/javascript\">\n\/* <![CDATA[ *\/\n\/*! This file is auto-generated *\/\n!function(d,l){\"use strict\";l.querySelector&&d.addEventListener&&\"undefined\"!=typeof URL&&(d.wp=d.wp||{},d.wp.receiveEmbedMessage||(d.wp.receiveEmbedMessage=function(e){var t=e.data;if((t||t.secret||t.message||t.value)&&!\/[^a-zA-Z0-9]\/.test(t.secret)){for(var s,r,n,a=l.querySelectorAll('iframe[data-secret=\"'+t.secret+'\"]'),o=l.querySelectorAll('blockquote[data-secret=\"'+t.secret+'\"]'),c=new RegExp(\"^https?:$\",\"i\"),i=0;i<o.length;i++)o[i].style.display=\"none\";for(i=0;i<a.length;i++)s=a[i],e.source===s.contentWindow&&(s.removeAttribute(\"style\"),\"height\"===t.message?(1e3<(r=parseInt(t.value,10))?r=1e3:~~r<200&&(r=200),s.height=r):\"link\"===t.message&&(r=new URL(s.getAttribute(\"src\")),n=new URL(t.value),c.test(n.protocol))&&n.host===r.host&&l.activeElement===s&&(d.top.location.href=t.value))}},d.addEventListener(\"message\",d.wp.receiveEmbedMessage,!1),l.addEventListener(\"DOMContentLoaded\",function(){for(var e,t,s=l.querySelectorAll(\"iframe.wp-embedded-content\"),r=0;r<s.length;r++)(t=(e=s[r]).getAttribute(\"data-secret\"))||(t=Math.random().toString(36).substring(2,12),e.src+=\"#?secret=\"+t,e.setAttribute(\"data-secret\",t)),e.contentWindow.postMessage({message:\"ready\",secret:t},\"*\")},!1)))}(window,document);\n\/* ]]> *\/\n<\/script>","thumbnail_url":"https:\/\/i0.wp.com\/citymagazine.si\/wp-content\/uploads\/2019\/04\/therock-1-e1555484185850.jpg?fit=1182%2C687&ssl=1","thumbnail_width":1182,"thumbnail_height":687,"description":"Ljubljana se bo za en dan spremenila v Triglav (The Rock Ljubljana) 2019! Sredi Kongresnega trga bo namre\u010d stala plezalna stena, dolga trideset in visoka pet metrov. Na njen se bodo preizkusili najbolj\u0161i slovenski in tuji plezalci, steza pa bo odprta tudi za vse ljubitelje plezanja, ki se bodo prijavili na tekmovanje. Vrhunec dogajanja bo v poznih ve\u010dernih urah, ko bo stena za\u017earela s pomo\u010djo svetlobnih efektov, najbolj\u0161i plezalci pa bodo \u201cnapadli\u201d plezalne oprimke."}