{"version":"1.0","provider_name":"\u30b7\u30c6\u30a3\u30de\u30ac\u30b8\u30f3","provider_url":"https:\/\/citymagazine.si\/ja","author_name":"Tina Orter","author_url":"https:\/\/citymagazine.si\/ja\/author\/tinaorter\/","title":"Ravni \u010devlji so nazaj: Balerinke, mokasini in natika\u010di so obvezni modni kos leta 2025","type":"rich","width":600,"height":338,"html":"<blockquote class=\"wp-embedded-content\" data-secret=\"ZXmsgStbbr\"><a href=\"https:\/\/citymagazine.si\/ja\/\u30d5\u30e9\u30c3\u30c8\u30b7\u30e5\u30fc\u30ba\u306f\u30d0\u30c3\u30af\u30d0\u30ec\u30ea\u30fc\u30ca\u3001\u30e2\u30ab\u30b7\u30f3\/\">\u30d5\u30e9\u30c3\u30c8\u30b7\u30e5\u30fc\u30ba\u304c\u5e30\u3063\u3066\u304f\u308b: \u30d0\u30ec\u30a8\u30b7\u30e5\u30fc\u30ba\u3001\u30e2\u30ab\u30b7\u30f3\u3001\u30d3\u30fc\u30c1\u30b5\u30f3\u30c0\u30eb\u306f 2025 \u5e74\u306e\u5fc5\u9808\u30a2\u30a4\u30c6\u30e0<\/a><\/blockquote><iframe sandbox=\"allow-scripts\" security=\"restricted\" src=\"https:\/\/citymagazine.si\/ja\/\u30d5\u30e9\u30c3\u30c8\u30b7\u30e5\u30fc\u30ba\u306f\u30d0\u30c3\u30af\u30d0\u30ec\u30ea\u30fc\u30ca\u3001\u30e2\u30ab\u30b7\u30f3\/embed\/#?secret=ZXmsgStbbr\" width=\"600\" height=\"338\" title=\"&#8220;Ravni \u010devlji so nazaj: Balerinke, mokasini in natika\u010di so obvezni modni kos leta 2025&#8221; &#8212; City Magazine\" data-secret=\"ZXmsgStbbr\" frameborder=\"0\" marginwidth=\"0\" marginheight=\"0\" scrolling=\"no\" class=\"wp-embedded-content\"><\/iframe><script type=\"text\/javascript\">\n\/* <![CDATA[ *\/\n\/*! This file is auto-generated *\/\n!function(d,l){\"use strict\";l.querySelector&&d.addEventListener&&\"undefined\"!=typeof URL&&(d.wp=d.wp||{},d.wp.receiveEmbedMessage||(d.wp.receiveEmbedMessage=function(e){var t=e.data;if((t||t.secret||t.message||t.value)&&!\/[^a-zA-Z0-9]\/.test(t.secret)){for(var s,r,n,a=l.querySelectorAll('iframe[data-secret=\"'+t.secret+'\"]'),o=l.querySelectorAll('blockquote[data-secret=\"'+t.secret+'\"]'),c=new RegExp(\"^https?:$\",\"i\"),i=0;i<o.length;i++)o[i].style.display=\"none\";for(i=0;i<a.length;i++)s=a[i],e.source===s.contentWindow&&(s.removeAttribute(\"style\"),\"height\"===t.message?(1e3<(r=parseInt(t.value,10))?r=1e3:~~r<200&&(r=200),s.height=r):\"link\"===t.message&&(r=new URL(s.getAttribute(\"src\")),n=new URL(t.value),c.test(n.protocol))&&n.host===r.host&&l.activeElement===s&&(d.top.location.href=t.value))}},d.addEventListener(\"message\",d.wp.receiveEmbedMessage,!1),l.addEventListener(\"DOMContentLoaded\",function(){for(var e,t,s=l.querySelectorAll(\"iframe.wp-embedded-content\"),r=0;r<s.length;r++)(t=(e=s[r]).getAttribute(\"data-secret\"))||(t=Math.random().toString(36).substring(2,12),e.src+=\"#?secret=\"+t,e.setAttribute(\"data-secret\",t)),e.contentWindow.postMessage({message:\"ready\",secret:t},\"*\")},!1)))}(window,document);\n\/* ]]> *\/\n<\/script>","thumbnail_url":"https:\/\/citymagazine.si\/wp-content\/uploads\/2025\/01\/krallerhof1-19-jpg.webp","thumbnail_width":4000,"thumbnail_height":2943,"description":"Ravni \u010devlji, ki bodo modni vse leto 2025, niso ve\u010d samo izbira za udobne dni, ampak so postali prava modna izjava. Balerinke, mokasini in minimalisti\u010dni natika\u010di osvajajo modni svet in obljubljajo, da bodo klju\u010dni del na\u0161e garderobe v prihodnjem letu. Luksuzne znamke, kot so Miu Miu, Ala\u00efa in The Row, so s svojimi interpretacijami dokazale, da ravno ne pomeni dolgo\u010dasno, ampak brez\u010dasno elegantno."}