{"version":"1.0","provider_name":"\u30b7\u30c6\u30a3\u30de\u30ac\u30b8\u30f3","provider_url":"https:\/\/citymagazine.si\/ja","author_name":"Jan Macarol","author_url":"https:\/\/citymagazine.si\/ja\/author\/jan\/","title":"Black Mirror se vra\u010da: Sedma sezona prina\u0161a nadaljevanje \"U.S.S. Callister\" in povezavo z \"Bandersnatch\"","type":"rich","width":600,"height":338,"html":"<blockquote class=\"wp-embedded-content\" data-secret=\"wMxkhFmsHl\"><a href=\"https:\/\/citymagazine.si\/ja\/\u30d6\u30e9\u30c3\u30af\u30df\u30e9\u30fc\u304c\u30b7\u30fc\u30ba\u30f37\u3067\u5fa9\u6d3b\u3001uss\u30ab\u30ea\u30b9\u30bf\u30fc\/\">\u30d6\u30e9\u30c3\u30af\u30df\u30e9\u30fc\u304c\u5e30\u3063\u3066\u304f\u308b: \u30b7\u30fc\u30ba\u30f37\u3067\u306f\u300cUSS\u30ab\u30ea\u30b9\u30bf\u30fc\u300d\u306e\u7d9a\u7de8\u3068\u300c\u30d0\u30f3\u30c0\u30fc\u30b9\u30ca\u30c3\u30c1\u300d\u3068\u306e\u30bf\u30a4\u30a2\u30c3\u30d7\u304c\u767b\u5834<\/a><\/blockquote><iframe sandbox=\"allow-scripts\" security=\"restricted\" src=\"https:\/\/citymagazine.si\/ja\/\u30d6\u30e9\u30c3\u30af\u30df\u30e9\u30fc\u304c\u30b7\u30fc\u30ba\u30f37\u3067\u5fa9\u6d3b\u3001uss\u30ab\u30ea\u30b9\u30bf\u30fc\/embed\/#?secret=wMxkhFmsHl\" width=\"600\" height=\"338\" title=\"&#8220;Black Mirror se vra\u010da: Sedma sezona prina\u0161a nadaljevanje &#8220;U.S.S. Callister&#8221; in povezavo z &#8220;Bandersnatch&#8221;&#8221; &#8212; City Magazine\" data-secret=\"wMxkhFmsHl\" frameborder=\"0\" marginwidth=\"0\" marginheight=\"0\" scrolling=\"no\" class=\"wp-embedded-content\"><\/iframe><script type=\"text\/javascript\">\n\/* <![CDATA[ *\/\n\/*! This file is auto-generated *\/\n!function(d,l){\"use strict\";l.querySelector&&d.addEventListener&&\"undefined\"!=typeof URL&&(d.wp=d.wp||{},d.wp.receiveEmbedMessage||(d.wp.receiveEmbedMessage=function(e){var t=e.data;if((t||t.secret||t.message||t.value)&&!\/[^a-zA-Z0-9]\/.test(t.secret)){for(var s,r,n,a=l.querySelectorAll('iframe[data-secret=\"'+t.secret+'\"]'),o=l.querySelectorAll('blockquote[data-secret=\"'+t.secret+'\"]'),c=new RegExp(\"^https?:$\",\"i\"),i=0;i<o.length;i++)o[i].style.display=\"none\";for(i=0;i<a.length;i++)s=a[i],e.source===s.contentWindow&&(s.removeAttribute(\"style\"),\"height\"===t.message?(1e3<(r=parseInt(t.value,10))?r=1e3:~~r<200&&(r=200),s.height=r):\"link\"===t.message&&(r=new URL(s.getAttribute(\"src\")),n=new URL(t.value),c.test(n.protocol))&&n.host===r.host&&l.activeElement===s&&(d.top.location.href=t.value))}},d.addEventListener(\"message\",d.wp.receiveEmbedMessage,!1),l.addEventListener(\"DOMContentLoaded\",function(){for(var e,t,s=l.querySelectorAll(\"iframe.wp-embedded-content\"),r=0;r<s.length;r++)(t=(e=s[r]).getAttribute(\"data-secret\"))||(t=Math.random().toString(36).substring(2,12),e.src+=\"#?secret=\"+t,e.setAttribute(\"data-secret\",t)),e.contentWindow.postMessage({message:\"ready\",secret:t},\"*\")},!1)))}(window,document);\n\/* ]]> *\/\n<\/script>","thumbnail_url":"https:\/\/citymagazine.si\/wp-content\/uploads\/2025\/03\/BM7.webp","thumbnail_width":1581,"thumbnail_height":1025,"description":"Pripravite se na novo dozo tehnolo\u0161ke paranoje, saj je Netflix razkril napovednik za sedmo sezono Black Mirror. In kot se za to distopi\u010dno mojstrovino Charlieja Brookerja spodobi, nas \u010daka precej neprijetnih presene\u010denj."}