{"version":"1.0","provider_name":"\u30b7\u30c6\u30a3\u30de\u30ac\u30b8\u30f3","provider_url":"https:\/\/citymagazine.si\/ja","author_name":"Jan Macarol","author_url":"https:\/\/citymagazine.si\/ja\/author\/jan\/","title":"Mercedes-Benz EQS 2025: posodobljen elektri\u010dni luksuz","type":"rich","width":600,"height":338,"html":"<blockquote class=\"wp-embedded-content\" data-secret=\"oLfKkAHoZv\"><a href=\"https:\/\/citymagazine.si\/ja\/\u30e1\u30eb\u30bb\u30c7\u30b9\u30d9\u30f3\u30c4eqs-2025\u304c\u66f4\u65b0\u3055\u308c\u305f\u30a8\u30ec\u30af\u30c8\u30ea\u30c3\u30af\/\">\u30e1\u30eb\u30bb\u30c7\u30b9\u30fb\u30d9\u30f3\u30c4 EQS 2025: \u30a2\u30c3\u30d7\u30c7\u30fc\u30c8\u3055\u308c\u305f\u30a8\u30ec\u30af\u30c8\u30ea\u30c3\u30af\u30fb\u30e9\u30b0\u30b8\u30e5\u30a2\u30ea\u30fc<\/a><\/blockquote><iframe sandbox=\"allow-scripts\" security=\"restricted\" src=\"https:\/\/citymagazine.si\/ja\/\u30e1\u30eb\u30bb\u30c7\u30b9\u30d9\u30f3\u30c4eqs-2025\u304c\u66f4\u65b0\u3055\u308c\u305f\u30a8\u30ec\u30af\u30c8\u30ea\u30c3\u30af\/embed\/#?secret=oLfKkAHoZv\" width=\"600\" height=\"338\" title=\"&#8220;Mercedes-Benz EQS 2025: posodobljen elektri\u010dni luksuz&#8221; &#8212; City Magazine\" data-secret=\"oLfKkAHoZv\" frameborder=\"0\" marginwidth=\"0\" marginheight=\"0\" scrolling=\"no\" class=\"wp-embedded-content\"><\/iframe><script type=\"text\/javascript\">\n\/* <![CDATA[ *\/\n\/*! This file is auto-generated *\/\n!function(d,l){\"use strict\";l.querySelector&&d.addEventListener&&\"undefined\"!=typeof URL&&(d.wp=d.wp||{},d.wp.receiveEmbedMessage||(d.wp.receiveEmbedMessage=function(e){var t=e.data;if((t||t.secret||t.message||t.value)&&!\/[^a-zA-Z0-9]\/.test(t.secret)){for(var s,r,n,a=l.querySelectorAll('iframe[data-secret=\"'+t.secret+'\"]'),o=l.querySelectorAll('blockquote[data-secret=\"'+t.secret+'\"]'),c=new RegExp(\"^https?:$\",\"i\"),i=0;i<o.length;i++)o[i].style.display=\"none\";for(i=0;i<a.length;i++)s=a[i],e.source===s.contentWindow&&(s.removeAttribute(\"style\"),\"height\"===t.message?(1e3<(r=parseInt(t.value,10))?r=1e3:~~r<200&&(r=200),s.height=r):\"link\"===t.message&&(r=new URL(s.getAttribute(\"src\")),n=new URL(t.value),c.test(n.protocol))&&n.host===r.host&&l.activeElement===s&&(d.top.location.href=t.value))}},d.addEventListener(\"message\",d.wp.receiveEmbedMessage,!1),l.addEventListener(\"DOMContentLoaded\",function(){for(var e,t,s=l.querySelectorAll(\"iframe.wp-embedded-content\"),r=0;r<s.length;r++)(t=(e=s[r]).getAttribute(\"data-secret\"))||(t=Math.random().toString(36).substring(2,12),e.src+=\"#?secret=\"+t,e.setAttribute(\"data-secret\",t)),e.contentWindow.postMessage({message:\"ready\",secret:t},\"*\")},!1)))}(window,document);\n\/* ]]> *\/\n<\/script>","thumbnail_url":"https:\/\/citymagazine.si\/wp-content\/uploads\/2024\/04\/2025-mercedes-eqs-14.jpg","thumbnail_width":1920,"thumbnail_height":1080,"description":"Mercedes-Benz EQS, ki vstopa v svoje \u010detrto leto proizvodnje, predstavlja vrsto sve\u017eih posodobitev, ki poudarjajo njegov luksuzni status. Leta 2025 EQS ne prina\u0161a le oblikovnih sprememb, ampak tudi tehni\u010dne izbolj\u0161ave, ki dvigujejo \u017ee tako impresivne zmogljivosti tega elektri\u010dnega vozila na povsem nov nivo."}