{"version":"1.0","provider_name":"\u30b7\u30c6\u30a3\u30de\u30ac\u30b8\u30f3","provider_url":"https:\/\/citymagazine.si\/ja","author_name":"Bo\u017eana Vukovi\u0107","author_url":"https:\/\/citymagazine.si\/ja\/author\/bozanav\/","title":"Mo\u0161ki \u010devlji 2019 \/ jesen in zima: od \u0161porta do klasike","type":"rich","width":600,"height":338,"html":"<blockquote class=\"wp-embedded-content\" data-secret=\"BDeUCHgqLS\"><a href=\"https:\/\/citymagazine.si\/ja\/\u30e1\u30f3\u30ba\u30d6\u30fc\u30c42019\u79cb\u51ac\u3001\u30b9\u30dd\u30fc\u30c4\u304b\u3089\u30af\u30e9\u30b7\u30c3\u30af\u307e\/\">\u30e1\u30f3\u30ba\u30b7\u30e5\u30fc\u30ba2019\/\u79cb\u51ac\uff1a\u30b9\u30dd\u30fc\u30c4\u304b\u3089\u30af\u30e9\u30b7\u30c3\u30af\u307e\u3067<\/a><\/blockquote><iframe sandbox=\"allow-scripts\" security=\"restricted\" src=\"https:\/\/citymagazine.si\/ja\/\u30e1\u30f3\u30ba\u30d6\u30fc\u30c42019\u79cb\u51ac\u3001\u30b9\u30dd\u30fc\u30c4\u304b\u3089\u30af\u30e9\u30b7\u30c3\u30af\u307e\/embed\/#?secret=BDeUCHgqLS\" width=\"600\" height=\"338\" title=\"&#8220;Mo\u0161ki \u010devlji 2019 \/ jesen in zima: od \u0161porta do klasike&#8221; &#8212; City Magazine\" data-secret=\"BDeUCHgqLS\" frameborder=\"0\" marginwidth=\"0\" marginheight=\"0\" scrolling=\"no\" class=\"wp-embedded-content\"><\/iframe><script type=\"text\/javascript\">\n\/* <![CDATA[ *\/\n\/*! This file is auto-generated *\/\n!function(d,l){\"use strict\";l.querySelector&&d.addEventListener&&\"undefined\"!=typeof URL&&(d.wp=d.wp||{},d.wp.receiveEmbedMessage||(d.wp.receiveEmbedMessage=function(e){var t=e.data;if((t||t.secret||t.message||t.value)&&!\/[^a-zA-Z0-9]\/.test(t.secret)){for(var s,r,n,a=l.querySelectorAll('iframe[data-secret=\"'+t.secret+'\"]'),o=l.querySelectorAll('blockquote[data-secret=\"'+t.secret+'\"]'),c=new RegExp(\"^https?:$\",\"i\"),i=0;i<o.length;i++)o[i].style.display=\"none\";for(i=0;i<a.length;i++)s=a[i],e.source===s.contentWindow&&(s.removeAttribute(\"style\"),\"height\"===t.message?(1e3<(r=parseInt(t.value,10))?r=1e3:~~r<200&&(r=200),s.height=r):\"link\"===t.message&&(r=new URL(s.getAttribute(\"src\")),n=new URL(t.value),c.test(n.protocol))&&n.host===r.host&&l.activeElement===s&&(d.top.location.href=t.value))}},d.addEventListener(\"message\",d.wp.receiveEmbedMessage,!1),l.addEventListener(\"DOMContentLoaded\",function(){for(var e,t,s=l.querySelectorAll(\"iframe.wp-embedded-content\"),r=0;r<s.length;r++)(t=(e=s[r]).getAttribute(\"data-secret\"))||(t=Math.random().toString(36).substring(2,12),e.src+=\"#?secret=\"+t,e.setAttribute(\"data-secret\",t)),e.contentWindow.postMessage({message:\"ready\",secret:t},\"*\")},!1)))}(window,document);\n\/* ]]> *\/\n<\/script>","thumbnail_url":"https:\/\/i0.wp.com\/citymagazine.si\/wp-content\/uploads\/2019\/08\/merkmak-men-boots-with-fur-business-casual-boots-for-men-2018-winter-autumn-black-fashion-basic_d15d43c7-162c-41b0-bbfe-3e3302f088ad_1024x10242x-1.jpg?fit=795%2C516&ssl=1","thumbnail_width":795,"thumbnail_height":516,"description":"Prehod iz poletja v jesen (in kasneje zimo) prina\u0161a \u0161tevilne neprijetne spremembe: sonce se odpravi na zimski spanec, sladoled postane premrzel, toplej\u0161a obutev pa \u010daka na slavnostno otvoritev nove sezone. \u017de veste, kateri mo\u0161ki \u010devlji 2019 bodo obvezen modni kos to jesen in zimo?"}