{"version":"1.0","provider_name":"\u30b7\u30c6\u30a3\u30de\u30ac\u30b8\u30f3","provider_url":"https:\/\/citymagazine.si\/ja","author_name":"Tina Orter","author_url":"https:\/\/citymagazine.si\/ja\/author\/tinaorter\/","title":"Ali je krema za son\u010denje od lanskega poletja \u0161e uporabna? Dermatologi opozarjajo!","type":"rich","width":600,"height":338,"html":"<blockquote class=\"wp-embedded-content\" data-secret=\"uNk08uMRSx\"><a href=\"https:\/\/citymagazine.si\/ja\/\u53bb\u5e74\u306e\u590f\u306b\u4f7f\u3063\u305f\u65e5\u713c\u3051\u6b62\u3081\u306f\u307e\u3060\u4f7f\u3048\u308b\uff1f\u76ae\u819a-2\/\">\u53bb\u5e74\u306e\u590f\u306b\u5857\u3063\u305f\u65e5\u713c\u3051\u6b62\u3081\u306f\u307e\u3060\u4f7f\u3048\u308b\uff1f\u76ae\u819a\u79d1\u533b\u304c\u8b66\u544a\uff01<\/a><\/blockquote><iframe sandbox=\"allow-scripts\" security=\"restricted\" src=\"https:\/\/citymagazine.si\/ja\/\u53bb\u5e74\u306e\u590f\u306b\u4f7f\u3063\u305f\u65e5\u713c\u3051\u6b62\u3081\u306f\u307e\u3060\u4f7f\u3048\u308b\uff1f\u76ae\u819a-2\/embed\/#?secret=uNk08uMRSx\" width=\"600\" height=\"338\" title=\"&#8220;Ali je krema za son\u010denje od lanskega poletja \u0161e uporabna? Dermatologi opozarjajo!&#8221; &#8212; City Magazine\" data-secret=\"uNk08uMRSx\" frameborder=\"0\" marginwidth=\"0\" marginheight=\"0\" scrolling=\"no\" class=\"wp-embedded-content\"><\/iframe><script type=\"text\/javascript\">\n\/* <![CDATA[ *\/\n\/*! This file is auto-generated *\/\n!function(d,l){\"use strict\";l.querySelector&&d.addEventListener&&\"undefined\"!=typeof URL&&(d.wp=d.wp||{},d.wp.receiveEmbedMessage||(d.wp.receiveEmbedMessage=function(e){var t=e.data;if((t||t.secret||t.message||t.value)&&!\/[^a-zA-Z0-9]\/.test(t.secret)){for(var s,r,n,a=l.querySelectorAll('iframe[data-secret=\"'+t.secret+'\"]'),o=l.querySelectorAll('blockquote[data-secret=\"'+t.secret+'\"]'),c=new RegExp(\"^https?:$\",\"i\"),i=0;i<o.length;i++)o[i].style.display=\"none\";for(i=0;i<a.length;i++)s=a[i],e.source===s.contentWindow&&(s.removeAttribute(\"style\"),\"height\"===t.message?(1e3<(r=parseInt(t.value,10))?r=1e3:~~r<200&&(r=200),s.height=r):\"link\"===t.message&&(r=new URL(s.getAttribute(\"src\")),n=new URL(t.value),c.test(n.protocol))&&n.host===r.host&&l.activeElement===s&&(d.top.location.href=t.value))}},d.addEventListener(\"message\",d.wp.receiveEmbedMessage,!1),l.addEventListener(\"DOMContentLoaded\",function(){for(var e,t,s=l.querySelectorAll(\"iframe.wp-embedded-content\"),r=0;r<s.length;r++)(t=(e=s[r]).getAttribute(\"data-secret\"))||(t=Math.random().toString(36).substring(2,12),e.src+=\"#?secret=\"+t,e.setAttribute(\"data-secret\",t)),e.contentWindow.postMessage({message:\"ready\",secret:t},\"*\")},!1)))}(window,document);\n\/* ]]> *\/\n<\/script>","thumbnail_url":"https:\/\/citymagazine.si\/wp-content\/uploads\/2025\/07\/hero-sunscreen-creme-old-1-jpg.webp","thumbnail_width":1920,"thumbnail_height":1080,"description":"Se vam je letos v roke spet zna\u0161la krema za son\u010denje iz prej\u0161njega poletja? Ste se vpra\u0161ali, ali jo \u0161e lahko uporabite ali raje zavr\u017eete? Zakaj je za\u0161\u010dita pred soncem tako pomembna \u2013 in ali res lahko stara krema naredi ve\u010d \u0161kode kot koristi?"}