{"version":"1.0","provider_name":"\u30b7\u30c6\u30a3\u30de\u30ac\u30b8\u30f3","provider_url":"https:\/\/citymagazine.si\/ja","author_name":"Vesna Macarol","author_url":"https:\/\/citymagazine.si\/ja\/author\/vesnamacarol\/","title":"18. dm tek za \u017eenske: Praznovanje gibanja in mo\u010di v srcu Ljubljane","type":"rich","width":600,"height":338,"html":"<blockquote class=\"wp-embedded-content\" data-secret=\"uQL4WMVK98\"><a href=\"https:\/\/citymagazine.si\/ja\/\u5973\u6027\u306e\u305f\u3081\u306e18-dm\u30e9\u30f3\u3001\u30ea\u30e5\u30d6\u30ea\u30e3\u30ca\u4e2d\u5fc3\u90e8\u3067\u306e\u904b\/\">\u7b2c 18 \u56de\u5973\u6027\u5411\u3051 dm \u30e9\u30f3: \u30ea\u30e5\u30d6\u30ea\u30e3\u30ca\u306e\u4e2d\u5fc3\u90e8\u3067\u904b\u52d5\u3068\u5f37\u3055\u3092\u795d\u3046<\/a><\/blockquote><iframe sandbox=\"allow-scripts\" security=\"restricted\" src=\"https:\/\/citymagazine.si\/ja\/\u5973\u6027\u306e\u305f\u3081\u306e18-dm\u30e9\u30f3\u3001\u30ea\u30e5\u30d6\u30ea\u30e3\u30ca\u4e2d\u5fc3\u90e8\u3067\u306e\u904b\/embed\/#?secret=uQL4WMVK98\" width=\"600\" height=\"338\" title=\"&#8220;18. dm tek za \u017eenske: Praznovanje gibanja in mo\u010di v srcu Ljubljane&#8221; &#8212; City Magazine\" data-secret=\"uQL4WMVK98\" frameborder=\"0\" marginwidth=\"0\" marginheight=\"0\" scrolling=\"no\" class=\"wp-embedded-content\"><\/iframe><script type=\"text\/javascript\">\n\/* <![CDATA[ *\/\n\/*! This file is auto-generated *\/\n!function(d,l){\"use strict\";l.querySelector&&d.addEventListener&&\"undefined\"!=typeof URL&&(d.wp=d.wp||{},d.wp.receiveEmbedMessage||(d.wp.receiveEmbedMessage=function(e){var t=e.data;if((t||t.secret||t.message||t.value)&&!\/[^a-zA-Z0-9]\/.test(t.secret)){for(var s,r,n,a=l.querySelectorAll('iframe[data-secret=\"'+t.secret+'\"]'),o=l.querySelectorAll('blockquote[data-secret=\"'+t.secret+'\"]'),c=new RegExp(\"^https?:$\",\"i\"),i=0;i<o.length;i++)o[i].style.display=\"none\";for(i=0;i<a.length;i++)s=a[i],e.source===s.contentWindow&&(s.removeAttribute(\"style\"),\"height\"===t.message?(1e3<(r=parseInt(t.value,10))?r=1e3:~~r<200&&(r=200),s.height=r):\"link\"===t.message&&(r=new URL(s.getAttribute(\"src\")),n=new URL(t.value),c.test(n.protocol))&&n.host===r.host&&l.activeElement===s&&(d.top.location.href=t.value))}},d.addEventListener(\"message\",d.wp.receiveEmbedMessage,!1),l.addEventListener(\"DOMContentLoaded\",function(){for(var e,t,s=l.querySelectorAll(\"iframe.wp-embedded-content\"),r=0;r<s.length;r++)(t=(e=s[r]).getAttribute(\"data-secret\"))||(t=Math.random().toString(36).substring(2,12),e.src+=\"#?secret=\"+t,e.setAttribute(\"data-secret\",t)),e.contentWindow.postMessage({message:\"ready\",secret:t},\"*\")},!1)))}(window,document);\n\/* ]]> *\/\n<\/script>","thumbnail_url":"https:\/\/citymagazine.si\/wp-content\/uploads\/2024\/05\/mal6947.jpg","thumbnail_width":2000,"thumbnail_height":1334,"description":"V Ljubljani bo prihodnji vikend tradicionalno pri\u010del s \u0161portnim duhom in pozitivno energijo, saj bo 25. maja 2024 park Tivoli gostil \u017ee 18. izvedbo priljubljenega dm teka za \u017eenske. Ta teka\u0161ki dogodek, namenjen izklju\u010dno \u017eenskam, vsako leto zdru\u017ei tiso\u010de udele\u017eenk razli\u010dnih starosti in teka\u0161kih sposobnosti, ki praznujejo mo\u010d, vztrajnost in skupnost."}