{"version":"1.0","provider_name":"\u30b7\u30c6\u30a3\u30de\u30ac\u30b8\u30f3","provider_url":"https:\/\/citymagazine.si\/ja","author_name":"Jan Macarol","author_url":"https:\/\/citymagazine.si\/ja\/author\/jan\/","title":"Strokovnjaki se dr\u017eijo za glavo! BMW pravi, da je zdaj pravi trenutek za vodik. Ampak\u2026 resno?","type":"rich","width":600,"height":338,"html":"<blockquote class=\"wp-embedded-content\" data-secret=\"h3wEsxaE9Z\"><a href=\"https:\/\/citymagazine.si\/ja\/\u5c02\u9580\u5bb6\u306f\u982d\u3092\u62b1\u3048\u3066\u3044\u308b\u304c\u3001bmw\u306f\u4eca\u304c\u6c34\u7d20\u306b\u3068\u3063\/\">\u5c02\u9580\u5bb6\u305f\u3061\u306f\u982d\u3092\u62b1\u3048\u3066\u3044\u308b\uff01BMW\u306f\u4eca\u3053\u305d\u6c34\u7d20\u793e\u4f1a\u306e\u5230\u6765\u3060\u3068\u8a00\u3063\u3066\u3044\u308b\u3002\u3067\u3082\u2026\u672c\u5f53\uff1f<\/a><\/blockquote><iframe sandbox=\"allow-scripts\" security=\"restricted\" src=\"https:\/\/citymagazine.si\/ja\/\u5c02\u9580\u5bb6\u306f\u982d\u3092\u62b1\u3048\u3066\u3044\u308b\u304c\u3001bmw\u306f\u4eca\u304c\u6c34\u7d20\u306b\u3068\u3063\/embed\/#?secret=h3wEsxaE9Z\" width=\"600\" height=\"338\" title=\"&#8220;Strokovnjaki se dr\u017eijo za glavo! BMW pravi, da je zdaj pravi trenutek za vodik. Ampak\u2026 resno?&#8221; &#8212; City Magazine\" data-secret=\"h3wEsxaE9Z\" frameborder=\"0\" marginwidth=\"0\" marginheight=\"0\" scrolling=\"no\" class=\"wp-embedded-content\"><\/iframe><script type=\"text\/javascript\">\n\/* <![CDATA[ *\/\n\/*! This file is auto-generated *\/\n!function(d,l){\"use strict\";l.querySelector&&d.addEventListener&&\"undefined\"!=typeof URL&&(d.wp=d.wp||{},d.wp.receiveEmbedMessage||(d.wp.receiveEmbedMessage=function(e){var t=e.data;if((t||t.secret||t.message||t.value)&&!\/[^a-zA-Z0-9]\/.test(t.secret)){for(var s,r,n,a=l.querySelectorAll('iframe[data-secret=\"'+t.secret+'\"]'),o=l.querySelectorAll('blockquote[data-secret=\"'+t.secret+'\"]'),c=new RegExp(\"^https?:$\",\"i\"),i=0;i<o.length;i++)o[i].style.display=\"none\";for(i=0;i<a.length;i++)s=a[i],e.source===s.contentWindow&&(s.removeAttribute(\"style\"),\"height\"===t.message?(1e3<(r=parseInt(t.value,10))?r=1e3:~~r<200&&(r=200),s.height=r):\"link\"===t.message&&(r=new URL(s.getAttribute(\"src\")),n=new URL(t.value),c.test(n.protocol))&&n.host===r.host&&l.activeElement===s&&(d.top.location.href=t.value))}},d.addEventListener(\"message\",d.wp.receiveEmbedMessage,!1),l.addEventListener(\"DOMContentLoaded\",function(){for(var e,t,s=l.querySelectorAll(\"iframe.wp-embedded-content\"),r=0;r<s.length;r++)(t=(e=s[r]).getAttribute(\"data-secret\"))||(t=Math.random().toString(36).substring(2,12),e.src+=\"#?secret=\"+t,e.setAttribute(\"data-secret\",t)),e.contentWindow.postMessage({message:\"ready\",secret:t},\"*\")},!1)))}(window,document);\n\/* ]]> *\/\n<\/script>","thumbnail_url":"https:\/\/citymagazine.si\/wp-content\/uploads\/2025\/06\/bmw-ix5-hydrogen-prototype.webp","thumbnail_width":1920,"thumbnail_height":1080,"description":"Pravi trenutek za vodik?! BMW se je znova oglasil z zvene\u010do napovedjo: \"Vodik je prihodnost, mi pa bomo vodili ta prehod.\" In vse skupaj se sli\u0161i naravnost \u010dudovito\u2014tiho pospe\u0161evanje, brez emisij, to\u010denje goriva v treh minutah. Skoraj kot pravljica. Ampak vsak, ki se je kdaj vozil iz Ljubljane proti Primorski, dobro ve, da pri nas \u0161e elektri\u010dne polnilnice rastejo po\u010dasneje kot gobe po su\u0161i, kaj \u0161ele vodikove."}