{"version":"1.0","provider_name":"\u30b7\u30c6\u30a3\u30de\u30ac\u30b8\u30f3","provider_url":"https:\/\/citymagazine.si\/ja","author_name":"An\u017ee Berli\u010d","author_url":"https:\/\/citymagazine.si\/ja\/author\/anzeb\/","title":"Raztegljiva po\u010ditni\u0161ka prikolica: kompaktna med prevozom in prostorna na kampiranju","type":"rich","width":600,"height":338,"html":"<blockquote class=\"wp-embedded-content\" data-secret=\"IUKj9Bqw1j\"><a href=\"https:\/\/citymagazine.si\/ja\/\u62e1\u5f35\u53ef\u80fd\u306a\u30db\u30ea\u30c7\u30fc\u30c8\u30ec\u30fc\u30e9\u30fc\u3001\u79fb\u52d5\u6642\u306f\u30b3\u30f3\u30d1\/\">\u62e1\u5f35\u53ef\u80fd\u306a\u30ad\u30e3\u30e9\u30d0\u30f3: \u8f38\u9001\u306b\u306f\u30b3\u30f3\u30d1\u30af\u30c8\u3001\u30ad\u30e3\u30f3\u30d7\u306b\u306f\u5e83\u3005<\/a><\/blockquote><iframe sandbox=\"allow-scripts\" security=\"restricted\" src=\"https:\/\/citymagazine.si\/ja\/\u62e1\u5f35\u53ef\u80fd\u306a\u30db\u30ea\u30c7\u30fc\u30c8\u30ec\u30fc\u30e9\u30fc\u3001\u79fb\u52d5\u6642\u306f\u30b3\u30f3\u30d1\/embed\/#?secret=IUKj9Bqw1j\" width=\"600\" height=\"338\" title=\"&#8220;Raztegljiva po\u010ditni\u0161ka prikolica: kompaktna med prevozom in prostorna na kampiranju&#8221; &#8212; City Magazine\" data-secret=\"IUKj9Bqw1j\" frameborder=\"0\" marginwidth=\"0\" marginheight=\"0\" scrolling=\"no\" class=\"wp-embedded-content\"><\/iframe><script type=\"text\/javascript\">\n\/* <![CDATA[ *\/\n\/*! This file is auto-generated *\/\n!function(d,l){\"use strict\";l.querySelector&&d.addEventListener&&\"undefined\"!=typeof URL&&(d.wp=d.wp||{},d.wp.receiveEmbedMessage||(d.wp.receiveEmbedMessage=function(e){var t=e.data;if((t||t.secret||t.message||t.value)&&!\/[^a-zA-Z0-9]\/.test(t.secret)){for(var s,r,n,a=l.querySelectorAll('iframe[data-secret=\"'+t.secret+'\"]'),o=l.querySelectorAll('blockquote[data-secret=\"'+t.secret+'\"]'),c=new RegExp(\"^https?:$\",\"i\"),i=0;i<o.length;i++)o[i].style.display=\"none\";for(i=0;i<a.length;i++)s=a[i],e.source===s.contentWindow&&(s.removeAttribute(\"style\"),\"height\"===t.message?(1e3<(r=parseInt(t.value,10))?r=1e3:~~r<200&&(r=200),s.height=r):\"link\"===t.message&&(r=new URL(s.getAttribute(\"src\")),n=new URL(t.value),c.test(n.protocol))&&n.host===r.host&&l.activeElement===s&&(d.top.location.href=t.value))}},d.addEventListener(\"message\",d.wp.receiveEmbedMessage,!1),l.addEventListener(\"DOMContentLoaded\",function(){for(var e,t,s=l.querySelectorAll(\"iframe.wp-embedded-content\"),r=0;r<s.length;r++)(t=(e=s[r]).getAttribute(\"data-secret\"))||(t=Math.random().toString(36).substring(2,12),e.src+=\"#?secret=\"+t,e.setAttribute(\"data-secret\",t)),e.contentWindow.postMessage({message:\"ready\",secret:t},\"*\")},!1)))}(window,document);\n\/* ]]> *\/\n<\/script>","thumbnail_url":"https:\/\/i0.wp.com\/citymagazine.si\/wp-content\/uploads\/2022\/06\/beauer-3xc-telescoping-camper-1.jpg?fit=1920%2C1080&ssl=1","thumbnail_width":1920,"thumbnail_height":1080,"description":"Francoska \u02bapo\u010ditni\u0161ka prikolica\u02ba Beauer 3XC je presenetljivo prakti\u010dna, zaradi kompaktne zasnove pa jo je mogo\u010de pritrditi na razli\u010dne tipe kombiniranih vozil ali poltovornjake. Ko je parkirana na mestu za kampiranje se raztegne in ustvari obilico prostora za kampiranje."}