{"version":"1.0","provider_name":"\u30b7\u30c6\u30a3\u30de\u30ac\u30b8\u30f3","provider_url":"https:\/\/citymagazine.si\/ja","author_name":"Jan Macarol","author_url":"https:\/\/citymagazine.si\/ja\/author\/jan\/","title":"Nove Apple AirPods Pro 3 - 2025: Va\u0161 sr\u010dni utrip v u\u0161esih in ti\u0161ina, ki preseneti","type":"rich","width":600,"height":338,"html":"<blockquote class=\"wp-embedded-content\" data-secret=\"YAPMpOvfzL\"><a href=\"https:\/\/citymagazine.si\/ja\/\u65b0\u3057\u3044apple-airpods-pro-3-2025-\u3042\u306a\u305f\u306e\u8033\u306b\u97ff\u304f\u9f13\u52d5\u3068\u3001\u9a5a\u304d\u306e\u9759\/\">\u65b0\u3057\u3044Apple AirPods Pro 3 \u2013 2025\u5e74\uff1a\u8033\u306b\u97ff\u304f\u9f13\u52d5\u3068\u9a5a\u304d\u306e\u9759\u5bc2<\/a><\/blockquote><iframe sandbox=\"allow-scripts\" security=\"restricted\" src=\"https:\/\/citymagazine.si\/ja\/\u65b0\u3057\u3044apple-airpods-pro-3-2025-\u3042\u306a\u305f\u306e\u8033\u306b\u97ff\u304f\u9f13\u52d5\u3068\u3001\u9a5a\u304d\u306e\u9759\/embed\/#?secret=YAPMpOvfzL\" width=\"600\" height=\"338\" title=\"&#8220;Nove Apple AirPods Pro 3 &#8211; 2025: Va\u0161 sr\u010dni utrip v u\u0161esih in ti\u0161ina, ki preseneti&#8221; &#8212; City Magazine\" data-secret=\"YAPMpOvfzL\" frameborder=\"0\" marginwidth=\"0\" marginheight=\"0\" scrolling=\"no\" class=\"wp-embedded-content\"><\/iframe><script type=\"text\/javascript\">\n\/* <![CDATA[ *\/\n\/*! This file is auto-generated *\/\n!function(d,l){\"use strict\";l.querySelector&&d.addEventListener&&\"undefined\"!=typeof URL&&(d.wp=d.wp||{},d.wp.receiveEmbedMessage||(d.wp.receiveEmbedMessage=function(e){var t=e.data;if((t||t.secret||t.message||t.value)&&!\/[^a-zA-Z0-9]\/.test(t.secret)){for(var s,r,n,a=l.querySelectorAll('iframe[data-secret=\"'+t.secret+'\"]'),o=l.querySelectorAll('blockquote[data-secret=\"'+t.secret+'\"]'),c=new RegExp(\"^https?:$\",\"i\"),i=0;i<o.length;i++)o[i].style.display=\"none\";for(i=0;i<a.length;i++)s=a[i],e.source===s.contentWindow&&(s.removeAttribute(\"style\"),\"height\"===t.message?(1e3<(r=parseInt(t.value,10))?r=1e3:~~r<200&&(r=200),s.height=r):\"link\"===t.message&&(r=new URL(s.getAttribute(\"src\")),n=new URL(t.value),c.test(n.protocol))&&n.host===r.host&&l.activeElement===s&&(d.top.location.href=t.value))}},d.addEventListener(\"message\",d.wp.receiveEmbedMessage,!1),l.addEventListener(\"DOMContentLoaded\",function(){for(var e,t,s=l.querySelectorAll(\"iframe.wp-embedded-content\"),r=0;r<s.length;r++)(t=(e=s[r]).getAttribute(\"data-secret\"))||(t=Math.random().toString(36).substring(2,12),e.src+=\"#?secret=\"+t,e.setAttribute(\"data-secret\",t)),e.contentWindow.postMessage({message:\"ready\",secret:t},\"*\")},!1)))}(window,document);\n\/* ]]> *\/\n<\/script>","thumbnail_url":"https:\/\/citymagazine.si\/wp-content\/uploads\/2025\/09\/Apple-AirPods-Pro-3-2025-03-jpg.webp","thumbnail_width":1920,"thumbnail_height":1080,"description":"Apple je danes razkril Apple AirPods Pro 3, ki obljubljajo neverjetno kakovost zvoka, najbolj\u0161i aktivni odpravek hrupa na svetu za slu\u0161alke v u\u0161esu, izjemen oprijem in stabilnost, merjenje sr\u010dnega utripa med vadbo ter dalj\u0161o \u017eivljenjsko dobo baterije. Te slu\u0161alke niso samo nadgradnja \u2013 so va\u0161 novi osebni trener, prevajalec in stra\u017ear pred svetovnim kaosom."}