{"version":"1.0","provider_name":"\u30b7\u30c6\u30a3\u30de\u30ac\u30b8\u30f3","provider_url":"https:\/\/citymagazine.si\/ja","author_name":"Jan Macarol","author_url":"https:\/\/citymagazine.si\/ja\/author\/jan\/","title":"Telegram pod lupo evropskih regulatorjev: Aretacija Pavla Durova in njen vpliv na tehnolo\u0161ke velikane","type":"rich","width":600,"height":338,"html":"<blockquote class=\"wp-embedded-content\" data-secret=\"gvGKzDhEf2\"><a href=\"https:\/\/citymagazine.si\/ja\/\u6b27\u5dde\u898f\u5236\u5f53\u5c40\u306e\u76e3\u8996\u4e0b\u3067\u306e\u96fb\u5831\u3001\u30d1\u30d6\u30ed\u30fb\u30c9\u30a5\u30ed\/\">\u6b27\u5dde\u898f\u5236\u5f53\u5c40\u306e\u76e3\u8996\u4e0b\u306b\u3042\u308b\u96fb\u5831\uff1a\u30d1\u30d9\u30eb\u30fb\u30c9\u30a5\u30ed\u30d5\u6c0f\u306e\u902e\u6355\u3068\u30c6\u30af\u30ce\u30ed\u30b8\u30fc\u5927\u624b\u3078\u306e\u5f71\u97ff<\/a><\/blockquote><iframe sandbox=\"allow-scripts\" security=\"restricted\" src=\"https:\/\/citymagazine.si\/ja\/\u6b27\u5dde\u898f\u5236\u5f53\u5c40\u306e\u76e3\u8996\u4e0b\u3067\u306e\u96fb\u5831\u3001\u30d1\u30d6\u30ed\u30fb\u30c9\u30a5\u30ed\/embed\/#?secret=gvGKzDhEf2\" width=\"600\" height=\"338\" title=\"&#8220;Telegram pod lupo evropskih regulatorjev: Aretacija Pavla Durova in njen vpliv na tehnolo\u0161ke velikane&#8221; &#8212; City Magazine\" data-secret=\"gvGKzDhEf2\" frameborder=\"0\" marginwidth=\"0\" marginheight=\"0\" scrolling=\"no\" class=\"wp-embedded-content\"><\/iframe><script type=\"text\/javascript\">\n\/* <![CDATA[ *\/\n\/*! This file is auto-generated *\/\n!function(d,l){\"use strict\";l.querySelector&&d.addEventListener&&\"undefined\"!=typeof URL&&(d.wp=d.wp||{},d.wp.receiveEmbedMessage||(d.wp.receiveEmbedMessage=function(e){var t=e.data;if((t||t.secret||t.message||t.value)&&!\/[^a-zA-Z0-9]\/.test(t.secret)){for(var s,r,n,a=l.querySelectorAll('iframe[data-secret=\"'+t.secret+'\"]'),o=l.querySelectorAll('blockquote[data-secret=\"'+t.secret+'\"]'),c=new RegExp(\"^https?:$\",\"i\"),i=0;i<o.length;i++)o[i].style.display=\"none\";for(i=0;i<a.length;i++)s=a[i],e.source===s.contentWindow&&(s.removeAttribute(\"style\"),\"height\"===t.message?(1e3<(r=parseInt(t.value,10))?r=1e3:~~r<200&&(r=200),s.height=r):\"link\"===t.message&&(r=new URL(s.getAttribute(\"src\")),n=new URL(t.value),c.test(n.protocol))&&n.host===r.host&&l.activeElement===s&&(d.top.location.href=t.value))}},d.addEventListener(\"message\",d.wp.receiveEmbedMessage,!1),l.addEventListener(\"DOMContentLoaded\",function(){for(var e,t,s=l.querySelectorAll(\"iframe.wp-embedded-content\"),r=0;r<s.length;r++)(t=(e=s[r]).getAttribute(\"data-secret\"))||(t=Math.random().toString(36).substring(2,12),e.src+=\"#?secret=\"+t,e.setAttribute(\"data-secret\",t)),e.contentWindow.postMessage({message:\"ready\",secret:t},\"*\")},!1)))}(window,document);\n\/* ]]> *\/\n<\/script>","thumbnail_url":"https:\/\/citymagazine.si\/wp-content\/uploads\/2024\/09\/pexels-viralyft-16841808-jpg.webp","thumbnail_width":2624,"thumbnail_height":3936,"description":"Ko je bil ustanovitelj in direktor Telegrama, Pavel Durov, nedavno aretiran v Franciji, je ta dogodek povzro\u010dil \u0161ok valove po vsem svetu, zlasti v tehnolo\u0161kem sektorju. Ta dogodek predstavlja pomembno prelomnico v na\u010dinu, kako oblasti po svetu obravnavajo velika tehnolo\u0161ka podjetja, in ima daljnose\u017ene posledice za vse, ki vodijo podobne platforme. Durov, znan kot zagovornik digitalne zasebnosti in svobode govora, je bil na letali\u0161\u010du Le Bourget pri Parizu pridr\u017ean zaradi vrste obto\u017eb, povezanih z njegovo platformo. Toda kaj natan\u010dno mu o\u010ditajo in zakaj je ta primer tako pomemben?"}