{"version":"1.0","provider_name":"\u30b7\u30c6\u30a3\u30de\u30ac\u30b8\u30f3","provider_url":"https:\/\/citymagazine.si\/ja","author_name":"Janja Prijatelj","author_url":"https:\/\/citymagazine.si\/ja\/author\/janja\/","title":"Trik, ki ga frizerji skrivajo: kako ohraniti barvo las sijo\u010do in intenzivno ve\u010d tednov!","type":"rich","width":600,"height":338,"html":"<blockquote class=\"wp-embedded-content\" data-secret=\"sabmMToWi9\"><a href=\"https:\/\/citymagazine.si\/ja\/\u7f8e\u5bb9\u5e2b\u304c\u96a0\u3057\u3066\u3044\u308b\u88cf\u30ef\u30b6\u3001\u9aea\u306e\u8272\u3092\u6570\u9031\u9593\u8276\u3084\/\">\u7f8e\u5bb9\u5e2b\u304c\u96a0\u3057\u3066\u3044\u308b\u88cf\u30ef\u30b6\uff1a\u30d8\u30a2\u30ab\u30e9\u30fc\u3092\u4f55\u9031\u9593\u3082\u8276\u3084\u304b\u3067\u9bae\u3084\u304b\u306b\u4fdd\u3064\u65b9\u6cd5\uff01<\/a><\/blockquote><iframe sandbox=\"allow-scripts\" security=\"restricted\" src=\"https:\/\/citymagazine.si\/ja\/\u7f8e\u5bb9\u5e2b\u304c\u96a0\u3057\u3066\u3044\u308b\u88cf\u30ef\u30b6\u3001\u9aea\u306e\u8272\u3092\u6570\u9031\u9593\u8276\u3084\/embed\/#?secret=sabmMToWi9\" width=\"600\" height=\"338\" title=\"&#8220;Trik, ki ga frizerji skrivajo: kako ohraniti barvo las sijo\u010do in intenzivno ve\u010d tednov!&#8221; &#8212; City Magazine\" data-secret=\"sabmMToWi9\" frameborder=\"0\" marginwidth=\"0\" marginheight=\"0\" scrolling=\"no\" class=\"wp-embedded-content\"><\/iframe><script type=\"text\/javascript\">\n\/* <![CDATA[ *\/\n\/*! This file is auto-generated *\/\n!function(d,l){\"use strict\";l.querySelector&&d.addEventListener&&\"undefined\"!=typeof URL&&(d.wp=d.wp||{},d.wp.receiveEmbedMessage||(d.wp.receiveEmbedMessage=function(e){var t=e.data;if((t||t.secret||t.message||t.value)&&!\/[^a-zA-Z0-9]\/.test(t.secret)){for(var s,r,n,a=l.querySelectorAll('iframe[data-secret=\"'+t.secret+'\"]'),o=l.querySelectorAll('blockquote[data-secret=\"'+t.secret+'\"]'),c=new RegExp(\"^https?:$\",\"i\"),i=0;i<o.length;i++)o[i].style.display=\"none\";for(i=0;i<a.length;i++)s=a[i],e.source===s.contentWindow&&(s.removeAttribute(\"style\"),\"height\"===t.message?(1e3<(r=parseInt(t.value,10))?r=1e3:~~r<200&&(r=200),s.height=r):\"link\"===t.message&&(r=new URL(s.getAttribute(\"src\")),n=new URL(t.value),c.test(n.protocol))&&n.host===r.host&&l.activeElement===s&&(d.top.location.href=t.value))}},d.addEventListener(\"message\",d.wp.receiveEmbedMessage,!1),l.addEventListener(\"DOMContentLoaded\",function(){for(var e,t,s=l.querySelectorAll(\"iframe.wp-embedded-content\"),r=0;r<s.length;r++)(t=(e=s[r]).getAttribute(\"data-secret\"))||(t=Math.random().toString(36).substring(2,12),e.src+=\"#?secret=\"+t,e.setAttribute(\"data-secret\",t)),e.contentWindow.postMessage({message:\"ready\",secret:t},\"*\")},!1)))}(window,document);\n\/* ]]> *\/\n<\/script>","thumbnail_url":"https:\/\/citymagazine.si\/wp-content\/uploads\/2025\/01\/professional-fashion-hairdresser-and-hair-beauty-s-2023-11-27-04-55-43-utc-jpg.webp","thumbnail_width":6016,"thumbnail_height":4016,"description":"Se vam je \u017ee kdaj zgodilo, da ste stopili iz frizerskega salona z osupljivo barvo las, le da se je ta po nekaj pranjih spremenila v bledo senco svojega nekdanjega sijaja? \u010ce ste prikimali, niste sami. Ve\u010dina barv za lase izgubi intenzivnost hitreje, kot bi si \u017eeleli, toda to \u0161e ne pomeni, da ne obstaja re\u0161itev. Kako ohraniti barvo las?"}