{"version":"1.0","provider_name":"\u30b7\u30c6\u30a3\u30de\u30ac\u30b8\u30f3","provider_url":"https:\/\/citymagazine.si\/ja","author_name":"Jan Macarol","author_url":"https:\/\/citymagazine.si\/ja\/author\/jan\/","title":"Apple Vision Pro: zaradi te inovacije se bo svet v naslednjem desetletju izjemno spremenil","type":"rich","width":600,"height":338,"html":"<blockquote class=\"wp-embedded-content\" data-secret=\"Vp2SXQEiWb\"><a href=\"https:\/\/citymagazine.si\/ja\/apple-vision-pro-\u3053\u306e\u30a4\u30ce\u30d9\u30fc\u30b7\u30e7\u30f3\u306e\u304a\u304b\u3052\u3067\u3001\u6b21\u306e10\u5e74\u3067\u4e16\/\">Apple Vision Pro: \u3053\u306e\u30a4\u30ce\u30d9\u30fc\u30b7\u30e7\u30f3\u306f\u4eca\u5f8c 10 \u5e74\u9593\u3067\u4e16\u754c\u3092\u5927\u304d\u304f\u5909\u3048\u308b\u3067\u3057\u3087\u3046<\/a><\/blockquote><iframe sandbox=\"allow-scripts\" security=\"restricted\" src=\"https:\/\/citymagazine.si\/ja\/apple-vision-pro-\u3053\u306e\u30a4\u30ce\u30d9\u30fc\u30b7\u30e7\u30f3\u306e\u304a\u304b\u3052\u3067\u3001\u6b21\u306e10\u5e74\u3067\u4e16\/embed\/#?secret=Vp2SXQEiWb\" width=\"600\" height=\"338\" title=\"&#8220;Apple Vision Pro: zaradi te inovacije se bo svet v naslednjem desetletju izjemno spremenil&#8221; &#8212; City Magazine\" data-secret=\"Vp2SXQEiWb\" frameborder=\"0\" marginwidth=\"0\" marginheight=\"0\" scrolling=\"no\" class=\"wp-embedded-content\"><\/iframe><script type=\"text\/javascript\">\n\/* <![CDATA[ *\/\n\/*! This file is auto-generated *\/\n!function(d,l){\"use strict\";l.querySelector&&d.addEventListener&&\"undefined\"!=typeof URL&&(d.wp=d.wp||{},d.wp.receiveEmbedMessage||(d.wp.receiveEmbedMessage=function(e){var t=e.data;if((t||t.secret||t.message||t.value)&&!\/[^a-zA-Z0-9]\/.test(t.secret)){for(var s,r,n,a=l.querySelectorAll('iframe[data-secret=\"'+t.secret+'\"]'),o=l.querySelectorAll('blockquote[data-secret=\"'+t.secret+'\"]'),c=new RegExp(\"^https?:$\",\"i\"),i=0;i<o.length;i++)o[i].style.display=\"none\";for(i=0;i<a.length;i++)s=a[i],e.source===s.contentWindow&&(s.removeAttribute(\"style\"),\"height\"===t.message?(1e3<(r=parseInt(t.value,10))?r=1e3:~~r<200&&(r=200),s.height=r):\"link\"===t.message&&(r=new URL(s.getAttribute(\"src\")),n=new URL(t.value),c.test(n.protocol))&&n.host===r.host&&l.activeElement===s&&(d.top.location.href=t.value))}},d.addEventListener(\"message\",d.wp.receiveEmbedMessage,!1),l.addEventListener(\"DOMContentLoaded\",function(){for(var e,t,s=l.querySelectorAll(\"iframe.wp-embedded-content\"),r=0;r<s.length;r++)(t=(e=s[r]).getAttribute(\"data-secret\"))||(t=Math.random().toString(36).substring(2,12),e.src+=\"#?secret=\"+t,e.setAttribute(\"data-secret\",t)),e.contentWindow.postMessage({message:\"ready\",secret:t},\"*\")},!1)))}(window,document);\n\/* ]]> *\/\n<\/script>","thumbnail_url":"https:\/\/i0.wp.com\/citymagazine.si\/wp-content\/uploads\/2023\/06\/Apple-WWDC23-Tim-Cook-with-Apple-Vision-Pro.jpg?fit=1960%2C1400&ssl=1","thumbnail_width":1960,"thumbnail_height":1400,"description":"Zgodovina tehnolo\u0161kega razvoja je dobro znana po seriji prelomnih trenutkov, ko se izka\u017ee nekaj revolucionarno, nekaj, kar postane mejnik. Prvi osebni ra\u010dunalnik, prvi mobilni telefon, prvi iPhone. Apple Vision Pro je nedvomno naslednji tak mejnik v tehnologiji."}