{"version":"1.0","provider_name":"\u30b7\u30c6\u30a3\u30de\u30ac\u30b8\u30f3","provider_url":"https:\/\/citymagazine.si\/ja","author_name":"An\u017ee Pompe","author_url":"https:\/\/citymagazine.si\/ja\/author\/anzepompe\/","title":"BMW X2 koncept: neposlu\u0161ni kri\u017eanec, ki si sam postavlja pravila","type":"rich","width":600,"height":338,"html":"<blockquote class=\"wp-embedded-content\" data-secret=\"6ebpui3MIw\"><a href=\"https:\/\/citymagazine.si\/ja\/bmw-x2\u30b3\u30f3\u30bb\u30d7\u30c8\u3001\u72ec\u81ea\u306e\u30eb\u30fc\u30eb\u3092\u4f5c\u308b\u4e0d\u5f93\u9806\u306a\u30af\u30ea\/\">BMW X2 \u30b3\u30f3\u30bb\u30d7\u30c8: \u72ec\u81ea\u306e\u30eb\u30fc\u30eb\u3092\u4f5c\u308b\u53cd\u9006\u7684\u306a\u30af\u30ed\u30b9\u30aa\u30fc\u30d0\u30fc<\/a><\/blockquote><iframe sandbox=\"allow-scripts\" security=\"restricted\" src=\"https:\/\/citymagazine.si\/ja\/bmw-x2\u30b3\u30f3\u30bb\u30d7\u30c8\u3001\u72ec\u81ea\u306e\u30eb\u30fc\u30eb\u3092\u4f5c\u308b\u4e0d\u5f93\u9806\u306a\u30af\u30ea\/embed\/#?secret=6ebpui3MIw\" width=\"600\" height=\"338\" title=\"&#8220;BMW X2 koncept: neposlu\u0161ni kri\u017eanec, ki si sam postavlja pravila&#8221; &#8212; City Magazine\" data-secret=\"6ebpui3MIw\" frameborder=\"0\" marginwidth=\"0\" marginheight=\"0\" scrolling=\"no\" class=\"wp-embedded-content\"><\/iframe><script type=\"text\/javascript\">\n\/* <![CDATA[ *\/\n\/*! This file is auto-generated *\/\n!function(d,l){\"use strict\";l.querySelector&&d.addEventListener&&\"undefined\"!=typeof URL&&(d.wp=d.wp||{},d.wp.receiveEmbedMessage||(d.wp.receiveEmbedMessage=function(e){var t=e.data;if((t||t.secret||t.message||t.value)&&!\/[^a-zA-Z0-9]\/.test(t.secret)){for(var s,r,n,a=l.querySelectorAll('iframe[data-secret=\"'+t.secret+'\"]'),o=l.querySelectorAll('blockquote[data-secret=\"'+t.secret+'\"]'),c=new RegExp(\"^https?:$\",\"i\"),i=0;i<o.length;i++)o[i].style.display=\"none\";for(i=0;i<a.length;i++)s=a[i],e.source===s.contentWindow&&(s.removeAttribute(\"style\"),\"height\"===t.message?(1e3<(r=parseInt(t.value,10))?r=1e3:~~r<200&&(r=200),s.height=r):\"link\"===t.message&&(r=new URL(s.getAttribute(\"src\")),n=new URL(t.value),c.test(n.protocol))&&n.host===r.host&&l.activeElement===s&&(d.top.location.href=t.value))}},d.addEventListener(\"message\",d.wp.receiveEmbedMessage,!1),l.addEventListener(\"DOMContentLoaded\",function(){for(var e,t,s=l.querySelectorAll(\"iframe.wp-embedded-content\"),r=0;r<s.length;r++)(t=(e=s[r]).getAttribute(\"data-secret\"))||(t=Math.random().toString(36).substring(2,12),e.src+=\"#?secret=\"+t,e.setAttribute(\"data-secret\",t)),e.contentWindow.postMessage({message:\"ready\",secret:t},\"*\")},!1)))}(window,document);\n\/* ]]> *\/\n<\/script>","thumbnail_url":"https:\/\/i0.wp.com\/citymagazine.si\/wp-content\/uploads\/2016\/09\/bmwconc.jpg?fit=1000%2C600&ssl=1","thumbnail_width":1000,"thumbnail_height":600,"description":"BMW X2 je na pari\u0161kem avtosalonu \u0161e koncept, ki pa \u017ee zelo vestno napoveduje novega \u010dlana dru\u017eine \u0161portnih terencev in bo po vsej verjetnosti debitiral na salonu v \u017denevi. BMW X2 je \u0161portna izvedba crossoverja X1, a se je oblikovno od njega precej odmaknil. Prav tako se ni vrgel po modelih X4 in X6, saj ga bolj vle\u010de na kombilimuzino kot kupe. ''Koncept prikazuje nov in \u017eivahen oblikovni vidik,'' komentirajo Bavarci."}