{"version":"1.0","provider_name":"\uc2dc\ud2f0 \ub9e4\uac70\uc9c4","provider_url":"https:\/\/citymagazine.si\/ko","author_name":"Miha Kodri\u010d","author_url":"https:\/\/citymagazine.si\/ko\/author\/mihakodric\/","title":"Na glasbeni festival letos vzemi ta \u0161otor","type":"rich","width":600,"height":338,"html":"<blockquote class=\"wp-embedded-content\" data-secret=\"pC9DzsAuyO\"><a href=\"https:\/\/citymagazine.si\/ko\/\uc62c\ud574-\uc74c\uc545-\ucd95\uc81c\uc5d0-\uc774-\ud150\ud2b8\ub97c-\uac00\uc838\uac00\uc138\uc694\/\">\uc62c\ud574 \uc74c\uc545 \ucd95\uc81c\uc5d0 \uc774 \ud150\ud2b8\ub97c \uac00\uc838\uac00\uc138\uc694<\/a><\/blockquote><iframe sandbox=\"allow-scripts\" security=\"restricted\" src=\"https:\/\/citymagazine.si\/ko\/\uc62c\ud574-\uc74c\uc545-\ucd95\uc81c\uc5d0-\uc774-\ud150\ud2b8\ub97c-\uac00\uc838\uac00\uc138\uc694\/embed\/#?secret=pC9DzsAuyO\" width=\"600\" height=\"338\" title=\"&#8220;Na glasbeni festival letos vzemi ta \u0161otor&#8221; &#8212; City Magazine\" data-secret=\"pC9DzsAuyO\" frameborder=\"0\" marginwidth=\"0\" marginheight=\"0\" scrolling=\"no\" class=\"wp-embedded-content\"><\/iframe><script type=\"text\/javascript\">\n\/* <![CDATA[ *\/\n\/*! This file is auto-generated *\/\n!function(d,l){\"use strict\";l.querySelector&&d.addEventListener&&\"undefined\"!=typeof URL&&(d.wp=d.wp||{},d.wp.receiveEmbedMessage||(d.wp.receiveEmbedMessage=function(e){var t=e.data;if((t||t.secret||t.message||t.value)&&!\/[^a-zA-Z0-9]\/.test(t.secret)){for(var s,r,n,a=l.querySelectorAll('iframe[data-secret=\"'+t.secret+'\"]'),o=l.querySelectorAll('blockquote[data-secret=\"'+t.secret+'\"]'),c=new RegExp(\"^https?:$\",\"i\"),i=0;i<o.length;i++)o[i].style.display=\"none\";for(i=0;i<a.length;i++)s=a[i],e.source===s.contentWindow&&(s.removeAttribute(\"style\"),\"height\"===t.message?(1e3<(r=parseInt(t.value,10))?r=1e3:~~r<200&&(r=200),s.height=r):\"link\"===t.message&&(r=new URL(s.getAttribute(\"src\")),n=new URL(t.value),c.test(n.protocol))&&n.host===r.host&&l.activeElement===s&&(d.top.location.href=t.value))}},d.addEventListener(\"message\",d.wp.receiveEmbedMessage,!1),l.addEventListener(\"DOMContentLoaded\",function(){for(var e,t,s=l.querySelectorAll(\"iframe.wp-embedded-content\"),r=0;r<s.length;r++)(t=(e=s[r]).getAttribute(\"data-secret\"))||(t=Math.random().toString(36).substring(2,12),e.src+=\"#?secret=\"+t,e.setAttribute(\"data-secret\",t)),e.contentWindow.postMessage({message:\"ready\",secret:t},\"*\")},!1)))}(window,document);\n\/* ]]> *\/\n<\/script>","thumbnail_url":"https:\/\/i0.wp.com\/citymagazine.si\/wp-content\/uploads\/2018\/05\/kartent-recyclable-cardboard-tents-festivals-eco-designboom-1800-1.jpg?fit=1800%2C650&ssl=1","thumbnail_width":1800,"thumbnail_height":650,"description":"Glasbeni festivali se velikokrat izka\u017eejo za enkratna do\u017eivetja. Kljub temu pa imajo tudi slabo plat. Njihovi obiskovalci za sabo namre\u010d pustijo ogromne koli\u010dine smeti. Ta te\u017eava pa bi lahko kmalu postala preteklost \u2026"}