{"version":"1.0","provider_name":"\u57ce\u5e02\u6742\u5fd7","provider_url":"https:\/\/citymagazine.si\/zh","author_name":"Jan Macarol","author_url":"https:\/\/citymagazine.si\/zh\/author\/jan\/","title":"Volkswagen v te\u017eavah: prodaja elektri\u010dnih vozil zastala - tovarne na kolektivnem dopustu","type":"rich","width":600,"height":338,"html":"<blockquote class=\"wp-embedded-content\" data-secret=\"665TPgh1i8\"><a href=\"https:\/\/citymagazine.si\/zh\/\u5927\u4f17\u6c7d\u8f66\u5728\u7279\u624e\u74e6\u5de5\u5382\u56e0\u96c6\u4f53\u5ea6\u5047\u800c\u505c\u6b62\u9500\u552e\u7535\u52a8\/\">\u5927\u4f17\u9677\u5165\u56f0\u5883\uff1a\u7535\u52a8\u6c7d\u8f66\u9500\u91cf\u505c\u6ede\u2014\u2014\u5de5\u5382\u96c6\u4f53\u4f11\u5047<\/a><\/blockquote><iframe sandbox=\"allow-scripts\" security=\"restricted\" src=\"https:\/\/citymagazine.si\/zh\/\u5927\u4f17\u6c7d\u8f66\u5728\u7279\u624e\u74e6\u5de5\u5382\u56e0\u96c6\u4f53\u5ea6\u5047\u800c\u505c\u6b62\u9500\u552e\u7535\u52a8\/embed\/#?secret=665TPgh1i8\" width=\"600\" height=\"338\" title=\"\u300a Volkswagen v te\u017eavah: prodaja elektri\u010dnih vozil zastala &#8211; tovarne na kolektivnem dopustu \u300b\u2014City Magazine\" data-secret=\"665TPgh1i8\" frameborder=\"0\" marginwidth=\"0\" marginheight=\"0\" scrolling=\"no\" class=\"wp-embedded-content\"><\/iframe><script type=\"text\/javascript\">\n\/* <![CDATA[ *\/\n\/*! This file is auto-generated *\/\n!function(d,l){\"use strict\";l.querySelector&&d.addEventListener&&\"undefined\"!=typeof URL&&(d.wp=d.wp||{},d.wp.receiveEmbedMessage||(d.wp.receiveEmbedMessage=function(e){var t=e.data;if((t||t.secret||t.message||t.value)&&!\/[^a-zA-Z0-9]\/.test(t.secret)){for(var s,r,n,a=l.querySelectorAll('iframe[data-secret=\"'+t.secret+'\"]'),o=l.querySelectorAll('blockquote[data-secret=\"'+t.secret+'\"]'),c=new RegExp(\"^https?:$\",\"i\"),i=0;i<o.length;i++)o[i].style.display=\"none\";for(i=0;i<a.length;i++)s=a[i],e.source===s.contentWindow&&(s.removeAttribute(\"style\"),\"height\"===t.message?(1e3<(r=parseInt(t.value,10))?r=1e3:~~r<200&&(r=200),s.height=r):\"link\"===t.message&&(r=new URL(s.getAttribute(\"src\")),n=new URL(t.value),c.test(n.protocol))&&n.host===r.host&&l.activeElement===s&&(d.top.location.href=t.value))}},d.addEventListener(\"message\",d.wp.receiveEmbedMessage,!1),l.addEventListener(\"DOMContentLoaded\",function(){for(var e,t,s=l.querySelectorAll(\"iframe.wp-embedded-content\"),r=0;r<s.length;r++)(t=(e=s[r]).getAttribute(\"data-secret\"))||(t=Math.random().toString(36).substring(2,12),e.src+=\"#?secret=\"+t,e.setAttribute(\"data-secret\",t)),e.contentWindow.postMessage({message:\"ready\",secret:t},\"*\")},!1)))}(window,document);\n\/* ]]> *\/\n<\/script>","thumbnail_url":"https:\/\/i0.wp.com\/citymagazine.si\/wp-content\/uploads\/2023\/06\/DB2023AU00664_medium.jpg?fit=1795%2C1197&ssl=1","thumbnail_width":1795,"thumbnail_height":1197,"description":"Volkswagenov obrat v Emdnu, severozahodna Nem\u010dija, bo ostal zaprt za \u0161est tednov, po novih poro\u010dilih. Delavci na linijah za proizvodnjo elektri\u010dnih vozil bodo dobili podalj\u0161ane poletne po\u010ditnice, ena izmena pa bo odpovedana za dva tedna."}