{"version":"1.0","provider_name":"\u57ce\u5e02\u6742\u5fd7","provider_url":"https:\/\/citymagazine.si\/zh","author_name":"Miha Pe\u010doler","author_url":"https:\/\/citymagazine.si\/zh\/author\/mihap\/","title":"\u0160koda fabia - \u010de\u0161ki polo, ki \u017eeli biti po novem bolj\u0161i od \"originala\"","type":"rich","width":600,"height":338,"html":"<blockquote class=\"wp-embedded-content\" data-secret=\"9oHBMJQ7cq\"><a href=\"https:\/\/citymagazine.si\/zh\/\u65af\u67ef\u8fbe\u6cd5\u6bd4\u4e9a\u6377\u514b\u9a6c\u7403\u60f3\u8981\u5728\u65b0\u7684\u4e4b\u540e\u6bd4\u539f\u6765\u7684\u66f4\/\">\u65af\u67ef\u8fbe\u6cd5\u6bd4\u4e9a\u2014\u2014\u60f3\u8981\u6bd4\u201c\u539f\u7248\u201d\u66f4\u597d\u7684\u6377\u514b\u9a6c\u7403<\/a><\/blockquote><iframe sandbox=\"allow-scripts\" security=\"restricted\" src=\"https:\/\/citymagazine.si\/zh\/\u65af\u67ef\u8fbe\u6cd5\u6bd4\u4e9a\u6377\u514b\u9a6c\u7403\u60f3\u8981\u5728\u65b0\u7684\u4e4b\u540e\u6bd4\u539f\u6765\u7684\u66f4\/embed\/#?secret=9oHBMJQ7cq\" width=\"600\" height=\"338\" title=\"\u300a \u0160koda fabia &#8211; \u010de\u0161ki polo, ki \u017eeli biti po novem bolj\u0161i od &#8220;originala&#8221; \u300b\u2014City Magazine\" data-secret=\"9oHBMJQ7cq\" frameborder=\"0\" marginwidth=\"0\" marginheight=\"0\" scrolling=\"no\" class=\"wp-embedded-content\"><\/iframe><script type=\"text\/javascript\">\n\/* <![CDATA[ *\/\n\/*! This file is auto-generated *\/\n!function(d,l){\"use strict\";l.querySelector&&d.addEventListener&&\"undefined\"!=typeof URL&&(d.wp=d.wp||{},d.wp.receiveEmbedMessage||(d.wp.receiveEmbedMessage=function(e){var t=e.data;if((t||t.secret||t.message||t.value)&&!\/[^a-zA-Z0-9]\/.test(t.secret)){for(var s,r,n,a=l.querySelectorAll('iframe[data-secret=\"'+t.secret+'\"]'),o=l.querySelectorAll('blockquote[data-secret=\"'+t.secret+'\"]'),c=new RegExp(\"^https?:$\",\"i\"),i=0;i<o.length;i++)o[i].style.display=\"none\";for(i=0;i<a.length;i++)s=a[i],e.source===s.contentWindow&&(s.removeAttribute(\"style\"),\"height\"===t.message?(1e3<(r=parseInt(t.value,10))?r=1e3:~~r<200&&(r=200),s.height=r):\"link\"===t.message&&(r=new URL(s.getAttribute(\"src\")),n=new URL(t.value),c.test(n.protocol))&&n.host===r.host&&l.activeElement===s&&(d.top.location.href=t.value))}},d.addEventListener(\"message\",d.wp.receiveEmbedMessage,!1),l.addEventListener(\"DOMContentLoaded\",function(){for(var e,t,s=l.querySelectorAll(\"iframe.wp-embedded-content\"),r=0;r<s.length;r++)(t=(e=s[r]).getAttribute(\"data-secret\"))||(t=Math.random().toString(36).substring(2,12),e.src+=\"#?secret=\"+t,e.setAttribute(\"data-secret\",t)),e.contentWindow.postMessage({message:\"ready\",secret:t},\"*\")},!1)))}(window,document);\n\/* ]]> *\/\n<\/script>","thumbnail_url":"https:\/\/i0.wp.com\/citymagazine.si\/wp-content\/uploads\/2014\/08\/2015-skoda-fabia-01.jpg?fit=1600%2C1200&ssl=1","thumbnail_width":1600,"thumbnail_height":1200,"description":"Nova generacija fabie bo zagotovo ena najve\u010djih premier oktobrskega salona v Parizu, z njo pa imajo pri \u0160kodi smele na\u010drte. Tretja generacija tega modela je shuj\u0161ala za 65 kg, na izbiro pa bo sedem motorjev, dva menjalnika in tudi combi razli\u010dica. \u017dal bo novinka izgubila \u0161portno RS, bodo pa bolj \u0161portno naravnanim \u0161e vedno na voljo monte carlo razli\u010dice."}