{"version":"1.0","provider_name":"\u57ce\u5e02\u6742\u5fd7","provider_url":"https:\/\/citymagazine.si\/zh","author_name":"Jan Macarol","author_url":"https:\/\/citymagazine.si\/zh\/author\/jan\/","title":"Novi Audi A6 e-hybrid: prihodnost pelje tiho in di\u0161i po bencinu, ki ga ne porabi med tednom","type":"rich","width":600,"height":338,"html":"<blockquote class=\"wp-embedded-content\" data-secret=\"IJZp4OSrDi\"><a href=\"https:\/\/citymagazine.si\/zh\/\u672a\u6765\u7684\u65b0\u6b3e\u5965\u8fea-a6-e-hybrid-\u884c\u9a76\u65f6\u975e\u5e38\u5b89\u9759\uff0c\u800c\u4e14\u95fb\u8d77\u6765\/\">\u65b0\u6b3e\u5965\u8fea A6 \u7535\u52a8\u6df7\u5408\u52a8\u529b\u8f66\uff1a\u672a\u6765\u9a7e\u9a76\u5b89\u9759\uff0c\u95fb\u8d77\u6765\u50cf\u5e73\u65f6\u4e0d\u4f7f\u7528\u7684\u6c7d\u6cb9<\/a><\/blockquote><iframe sandbox=\"allow-scripts\" security=\"restricted\" src=\"https:\/\/citymagazine.si\/zh\/\u672a\u6765\u7684\u65b0\u6b3e\u5965\u8fea-a6-e-hybrid-\u884c\u9a76\u65f6\u975e\u5e38\u5b89\u9759\uff0c\u800c\u4e14\u95fb\u8d77\u6765\/embed\/#?secret=IJZp4OSrDi\" width=\"600\" height=\"338\" title=\"\u300a Novi Audi A6 e-hybrid: prihodnost pelje tiho in di\u0161i po bencinu, ki ga ne porabi med tednom \u300b\u2014City Magazine\" data-secret=\"IJZp4OSrDi\" frameborder=\"0\" marginwidth=\"0\" marginheight=\"0\" scrolling=\"no\" class=\"wp-embedded-content\"><\/iframe><script type=\"text\/javascript\">\n\/* <![CDATA[ *\/\n\/*! This file is auto-generated *\/\n!function(d,l){\"use strict\";l.querySelector&&d.addEventListener&&\"undefined\"!=typeof URL&&(d.wp=d.wp||{},d.wp.receiveEmbedMessage||(d.wp.receiveEmbedMessage=function(e){var t=e.data;if((t||t.secret||t.message||t.value)&&!\/[^a-zA-Z0-9]\/.test(t.secret)){for(var s,r,n,a=l.querySelectorAll('iframe[data-secret=\"'+t.secret+'\"]'),o=l.querySelectorAll('blockquote[data-secret=\"'+t.secret+'\"]'),c=new RegExp(\"^https?:$\",\"i\"),i=0;i<o.length;i++)o[i].style.display=\"none\";for(i=0;i<a.length;i++)s=a[i],e.source===s.contentWindow&&(s.removeAttribute(\"style\"),\"height\"===t.message?(1e3<(r=parseInt(t.value,10))?r=1e3:~~r<200&&(r=200),s.height=r):\"link\"===t.message&&(r=new URL(s.getAttribute(\"src\")),n=new URL(t.value),c.test(n.protocol))&&n.host===r.host&&l.activeElement===s&&(d.top.location.href=t.value))}},d.addEventListener(\"message\",d.wp.receiveEmbedMessage,!1),l.addEventListener(\"DOMContentLoaded\",function(){for(var e,t,s=l.querySelectorAll(\"iframe.wp-embedded-content\"),r=0;r<s.length;r++)(t=(e=s[r]).getAttribute(\"data-secret\"))||(t=Math.random().toString(36).substring(2,12),e.src+=\"#?secret=\"+t,e.setAttribute(\"data-secret\",t)),e.contentWindow.postMessage({message:\"ready\",secret:t},\"*\")},!1)))}(window,document);\n\/* ]]> *\/\n<\/script>","thumbnail_url":"https:\/\/citymagazine.si\/wp-content\/uploads\/2025\/05\/Audi-A6-e-hybrid-2025-02-jpg.webp","thumbnail_width":4000,"thumbnail_height":2250,"description":"\u010ce je prihodnost elektri\u010dna, potem je ta Audi dokaz, da zna biti tudi prefinjena, uglajena in \u2013 najpomembneje \u2013 tiha kot va\u0161a ta\u0161\u010da, ko ji ni ni\u010d jasno. Novi Audi A6 e-hybrid 2026 je priklju\u010dni hibrid, ki ni ve\u010d le \"most\" do elektrike, temve\u010d most, na katerem se boste hoteli ustaviti, odpeti suknji\u010d in re\u010di: \"Ja, tale avto ima smisel.\""}