{"version":"1.0","provider_name":"\u57ce\u5e02\u6742\u5fd7","provider_url":"https:\/\/citymagazine.si\/zh","author_name":"An\u017ee Pompe","author_url":"https:\/\/citymagazine.si\/zh\/author\/anzepompe\/","title":"Tako bi Steve Jobs razlo\u017eil, zakaj je Apple odstranil priklju\u010dek za slu\u0161alke","type":"rich","width":600,"height":338,"html":"<blockquote class=\"wp-embedded-content\" data-secret=\"FzPo4VwTTh\"><a href=\"https:\/\/citymagazine.si\/zh\/\u8fd9\u5c31\u662f\u53f2\u8482\u592b\u00b7\u4e54\u5e03\u65af\u5c06\u5982\u4f55\u89e3\u91ca\u4e3a\u4ec0\u4e48\u82f9\u679c\u5220\u9664\/\">\u8fd9\u5c31\u662f\u53f2\u8482\u592b\u00b7\u4e54\u5e03\u65af\u89e3\u91ca\u82f9\u679c\u53d6\u6d88\u8033\u673a\u63d2\u5b54\u7684\u539f\u56e0<\/a><\/blockquote><iframe sandbox=\"allow-scripts\" security=\"restricted\" src=\"https:\/\/citymagazine.si\/zh\/\u8fd9\u5c31\u662f\u53f2\u8482\u592b\u00b7\u4e54\u5e03\u65af\u5c06\u5982\u4f55\u89e3\u91ca\u4e3a\u4ec0\u4e48\u82f9\u679c\u5220\u9664\/embed\/#?secret=FzPo4VwTTh\" width=\"600\" height=\"338\" title=\"\u300a Tako bi Steve Jobs razlo\u017eil, zakaj je Apple odstranil priklju\u010dek za slu\u0161alke \u300b\u2014City Magazine\" data-secret=\"FzPo4VwTTh\" frameborder=\"0\" marginwidth=\"0\" marginheight=\"0\" scrolling=\"no\" class=\"wp-embedded-content\"><\/iframe><script type=\"text\/javascript\">\n\/* <![CDATA[ *\/\n\/*! This file is auto-generated *\/\n!function(d,l){\"use strict\";l.querySelector&&d.addEventListener&&\"undefined\"!=typeof URL&&(d.wp=d.wp||{},d.wp.receiveEmbedMessage||(d.wp.receiveEmbedMessage=function(e){var t=e.data;if((t||t.secret||t.message||t.value)&&!\/[^a-zA-Z0-9]\/.test(t.secret)){for(var s,r,n,a=l.querySelectorAll('iframe[data-secret=\"'+t.secret+'\"]'),o=l.querySelectorAll('blockquote[data-secret=\"'+t.secret+'\"]'),c=new RegExp(\"^https?:$\",\"i\"),i=0;i<o.length;i++)o[i].style.display=\"none\";for(i=0;i<a.length;i++)s=a[i],e.source===s.contentWindow&&(s.removeAttribute(\"style\"),\"height\"===t.message?(1e3<(r=parseInt(t.value,10))?r=1e3:~~r<200&&(r=200),s.height=r):\"link\"===t.message&&(r=new URL(s.getAttribute(\"src\")),n=new URL(t.value),c.test(n.protocol))&&n.host===r.host&&l.activeElement===s&&(d.top.location.href=t.value))}},d.addEventListener(\"message\",d.wp.receiveEmbedMessage,!1),l.addEventListener(\"DOMContentLoaded\",function(){for(var e,t,s=l.querySelectorAll(\"iframe.wp-embedded-content\"),r=0;r<s.length;r++)(t=(e=s[r]).getAttribute(\"data-secret\"))||(t=Math.random().toString(36).substring(2,12),e.src+=\"#?secret=\"+t,e.setAttribute(\"data-secret\",t)),e.contentWindow.postMessage({message:\"ready\",secret:t},\"*\")},!1)))}(window,document);\n\/* ]]> *\/\n<\/script>","thumbnail_url":"https:\/\/i0.wp.com\/citymagazine.si\/wp-content\/uploads\/2016\/09\/sjslus.jpg?fit=1000%2C600&ssl=1","thumbnail_width":1000,"thumbnail_height":600,"description":"Apple je bil zadnje dni dele\u017een precej\u0161njih kritik, potem ko je novi iPhone, iPhone 7, opustil priklju\u010dek za slu\u0161alke in se mora vse od tedaj zagovarjati. Kot se je izkazalo, je imel pokojni Steve Jobs za vse nejeverne Toma\u017ee odgovor pripravljen \u017ee leta 2010 na konferenci D8."}