{"version":"1.0","provider_name":"\u57ce\u5e02\u6742\u5fd7","provider_url":"https:\/\/citymagazine.si\/zh","author_name":"An\u017ee Pompe","author_url":"https:\/\/citymagazine.si\/zh\/author\/anzepompe\/","title":"Smu\u010di\u0161\u010da v Alpah ka\u017eejo zeleno podobo! Kdo je ukradel zimo?","type":"rich","width":600,"height":338,"html":"<blockquote class=\"wp-embedded-content\" data-secret=\"INSQxYPcOr\"><a href=\"https:\/\/citymagazine.si\/zh\/\u963f\u5c14\u5351\u65af\u5c71\u7684\u6ed1\u96ea\u8005\u5c55\u73b0\u51fa\u8c01\u5077\u8d70\u4e86\u51ac\u5929\u7684\u7eff\u8272\u5f62\/\">\u963f\u5c14\u5351\u65af\u5c71\u7684\u6ed1\u96ea\u573a\u5448\u73b0\u51fa\u7eff\u8272\u5f62\u8c61\uff01\u8c01\u5077\u8d70\u4e86\u51ac\u5929\uff1f<\/a><\/blockquote><iframe sandbox=\"allow-scripts\" security=\"restricted\" src=\"https:\/\/citymagazine.si\/zh\/\u963f\u5c14\u5351\u65af\u5c71\u7684\u6ed1\u96ea\u8005\u5c55\u73b0\u51fa\u8c01\u5077\u8d70\u4e86\u51ac\u5929\u7684\u7eff\u8272\u5f62\/embed\/#?secret=INSQxYPcOr\" width=\"600\" height=\"338\" title=\"\u300a Smu\u010di\u0161\u010da v Alpah ka\u017eejo zeleno podobo! Kdo je ukradel zimo? \u300b\u2014City Magazine\" data-secret=\"INSQxYPcOr\" frameborder=\"0\" marginwidth=\"0\" marginheight=\"0\" scrolling=\"no\" class=\"wp-embedded-content\"><\/iframe><script type=\"text\/javascript\">\n\/* <![CDATA[ *\/\n\/*! This file is auto-generated *\/\n!function(d,l){\"use strict\";l.querySelector&&d.addEventListener&&\"undefined\"!=typeof URL&&(d.wp=d.wp||{},d.wp.receiveEmbedMessage||(d.wp.receiveEmbedMessage=function(e){var t=e.data;if((t||t.secret||t.message||t.value)&&!\/[^a-zA-Z0-9]\/.test(t.secret)){for(var s,r,n,a=l.querySelectorAll('iframe[data-secret=\"'+t.secret+'\"]'),o=l.querySelectorAll('blockquote[data-secret=\"'+t.secret+'\"]'),c=new RegExp(\"^https?:$\",\"i\"),i=0;i<o.length;i++)o[i].style.display=\"none\";for(i=0;i<a.length;i++)s=a[i],e.source===s.contentWindow&&(s.removeAttribute(\"style\"),\"height\"===t.message?(1e3<(r=parseInt(t.value,10))?r=1e3:~~r<200&&(r=200),s.height=r):\"link\"===t.message&&(r=new URL(s.getAttribute(\"src\")),n=new URL(t.value),c.test(n.protocol))&&n.host===r.host&&l.activeElement===s&&(d.top.location.href=t.value))}},d.addEventListener(\"message\",d.wp.receiveEmbedMessage,!1),l.addEventListener(\"DOMContentLoaded\",function(){for(var e,t,s=l.querySelectorAll(\"iframe.wp-embedded-content\"),r=0;r<s.length;r++)(t=(e=s[r]).getAttribute(\"data-secret\"))||(t=Math.random().toString(36).substring(2,12),e.src+=\"#?secret=\"+t,e.setAttribute(\"data-secret\",t)),e.contentWindow.postMessage({message:\"ready\",secret:t},\"*\")},!1)))}(window,document);\n\/* ]]> *\/\n<\/script>","thumbnail_url":"https:\/\/i0.wp.com\/citymagazine.si\/wp-content\/uploads\/2015\/12\/2fa9bcff00000578-3377295-image-a-52_1451390298293.jpg?fit=962%2C626&ssl=1","thumbnail_width":962,"thumbnail_height":626,"description":"Kdo je ugrabil zimo, se spra\u0161ujejo tisti, ki so letos \u017ee obiskali smu\u010di\u0161\u010da v Alpah. Po letu 2000 so bili v Sloveniji skoraj vsi bo\u017ei\u010di zeleni, tudi leta 2015 pa (\u017eal) ni bilo ni\u010d druga\u010de. Bel bo\u017ei\u010d je o\u010ditno postal bolj kot ne le \u0161e stvar predstav iz preteklosti kot pa dejansko stanje. A je, kot re\u010deno, \u0161e huje. Klavrno podobo ka\u017eejo tudi alpska smu\u010di\u0161\u010da in nekatere priljubljene destinacije \u017ee za\u010denjajo kroni\u010dno trpeti za pomanjkanjem snega. Fotografije s terena ka\u017eejo, kak\u0161no ceno letos pla\u010dujejo za neobi\u010dajno toplo vreme."}