{"version":"1.0","provider_name":"\u57ce\u5e02\u6742\u5fd7","provider_url":"https:\/\/citymagazine.si\/zh","author_name":"An\u017ee Pompe","author_url":"https:\/\/citymagazine.si\/zh\/author\/anzepompe\/","title":"CES 2015: Pametna ura LG-Audi, ki te\u010de na Open #webOS #lg","type":"rich","width":600,"height":338,"html":"<blockquote class=\"wp-embedded-content\" data-secret=\"XYtaf6dGXC\"><a href=\"https:\/\/citymagazine.si\/zh\/ces-2015-\u667a\u80fd\u624b\u8868-lg-\u5965\u8fea-\u5728\u5f00\u653e\u7f51\u7edc\u64cd\u4f5c\u7cfb\u7edf\u4e0a\u8fd0\u884c\/\">CES 2015\uff1a\u8fd0\u884c\u5728 Open #webOS #lg \u4e0a\u7684 LG-\u5965\u8fea\u667a\u80fd\u624b\u8868<\/a><\/blockquote><iframe sandbox=\"allow-scripts\" security=\"restricted\" src=\"https:\/\/citymagazine.si\/zh\/ces-2015-\u667a\u80fd\u624b\u8868-lg-\u5965\u8fea-\u5728\u5f00\u653e\u7f51\u7edc\u64cd\u4f5c\u7cfb\u7edf\u4e0a\u8fd0\u884c\/embed\/#?secret=XYtaf6dGXC\" width=\"600\" height=\"338\" title=\"\u300a CES 2015: Pametna ura LG-Audi, ki te\u010de na Open #webOS #lg \u300b\u2014City Magazine\" data-secret=\"XYtaf6dGXC\" frameborder=\"0\" marginwidth=\"0\" marginheight=\"0\" scrolling=\"no\" class=\"wp-embedded-content\"><\/iframe><script type=\"text\/javascript\">\n\/* <![CDATA[ *\/\n\/*! This file is auto-generated *\/\n!function(d,l){\"use strict\";l.querySelector&&d.addEventListener&&\"undefined\"!=typeof URL&&(d.wp=d.wp||{},d.wp.receiveEmbedMessage||(d.wp.receiveEmbedMessage=function(e){var t=e.data;if((t||t.secret||t.message||t.value)&&!\/[^a-zA-Z0-9]\/.test(t.secret)){for(var s,r,n,a=l.querySelectorAll('iframe[data-secret=\"'+t.secret+'\"]'),o=l.querySelectorAll('blockquote[data-secret=\"'+t.secret+'\"]'),c=new RegExp(\"^https?:$\",\"i\"),i=0;i<o.length;i++)o[i].style.display=\"none\";for(i=0;i<a.length;i++)s=a[i],e.source===s.contentWindow&&(s.removeAttribute(\"style\"),\"height\"===t.message?(1e3<(r=parseInt(t.value,10))?r=1e3:~~r<200&&(r=200),s.height=r):\"link\"===t.message&&(r=new URL(s.getAttribute(\"src\")),n=new URL(t.value),c.test(n.protocol))&&n.host===r.host&&l.activeElement===s&&(d.top.location.href=t.value))}},d.addEventListener(\"message\",d.wp.receiveEmbedMessage,!1),l.addEventListener(\"DOMContentLoaded\",function(){for(var e,t,s=l.querySelectorAll(\"iframe.wp-embedded-content\"),r=0;r<s.length;r++)(t=(e=s[r]).getAttribute(\"data-secret\"))||(t=Math.random().toString(36).substring(2,12),e.src+=\"#?secret=\"+t,e.setAttribute(\"data-secret\",t)),e.contentWindow.postMessage({message:\"ready\",secret:t},\"*\")},!1)))}(window,document);\n\/* ]]> *\/\n<\/script>","thumbnail_url":"https:\/\/i0.wp.com\/citymagazine.si\/wp-content\/uploads\/2015\/01\/ura2.jpg?fit=1000%2C500&ssl=1","thumbnail_width":1000,"thumbnail_height":500,"description":"Najve\u010dji hit leto\u0161njega CES-a na podro\u010dju nosljive tehnologije je pametna ura, ki sta jo skupaj pripravila LG in Audi. \u010ceprav gre le za prototip, ki nima niti imena, pa z njo dobimo konkreten vpogled v LG-jevo prihodnosti na podro\u010dju nosljive tehnologije. Ura namre\u010d nima Googlovega operacijskega sistem Android Wear, oblikovanega za nosljive naprave, pa\u010d pa LG-jevo hi\u0161no platformo Open webOS, ki \u017ee nekaj \u010dasa \u017eanje uspehe na podro\u010dju pametnih televizorjev."}